{"id":5980,"date":"2024-10-17T15:03:45","date_gmt":"2024-10-17T13:03:45","guid":{"rendered":"https:\/\/cnt-prod-etape-touloise.gibraltaz.com\/location\/mobilheim-bergamote\/"},"modified":"2025-04-01T14:26:04","modified_gmt":"2025-04-01T12:26:04","slug":"mobilheim-bergamote","status":"publish","type":"location","link":"https:\/\/www.campingvilleylesec.fr\/de\/location\/mobilheim-bergamote\/","title":{"rendered":"Mobilheim Bergamote"},"content":{"rendered":"\n<h3 class=\"wp-block-heading\">Die Ausstattung<\/h3>\n\n<p>Der Standcaravan Bergamote verf\u00fcgt, wie alle Standcaravans, \u00fcber eine eingerichtete und ausgestattete K\u00fcche. Sie finden hier Geschirr, T\u00f6pfe und Pfannen, einen K\u00fchlschrank mit Gefrierfach, 4 Gaskochstellen, eine Filterkaffeemaschine und eine Mikrowelle. Im Wohnbereich k\u00f6nnen Sie fernsehen. Um Ihre Ankunft zu erleichtern, stellen wir Ihnen ein Begr\u00fc\u00dfungspaket zur Verf\u00fcgung. Es enth\u00e4lt eine Dosis Geschirrsp\u00fclmittel, eine Dosis Haushaltsreiniger, einen Schwamm, einen M\u00fcllbeutel und eine Rolle Toilettenpapier.    <\/p>\n\n<h3 class=\"wp-block-heading\">Au\u00dfengestaltung<\/h3>\n\n<p>Genie\u00dfen Sie Ihren Aufenthalt in diesem Mobilheim mit seiner Terrasse und den Gartenm\u00f6beln, auf denen Sie gesellige Mahlzeiten verbringen k\u00f6nnen. Ihr Fahrzeug k\u00f6nnen Sie direkt neben dem Mobilheim auf einem reservierten Parkplatz abstellen. <\/p>\n\n<h3 class=\"wp-block-heading\">Die anderen +<\/h3>\n\n<p>Das Mobilheim verf\u00fcgt \u00fcber eine Heizung und eine Klimaanlage.<\/p>\n\n<p>Jedes Mobilheim verf\u00fcgt \u00fcber ein Duschbad (Badematte vorhanden) und ein separates WC.<\/p>\n\n<p>Die Betten sind mit Kopfkissen, Bettdecken und zus\u00e4tzlichen Decken ausgestattet, die Sie bei Bedarf an der Rezeption anfordern k\u00f6nnen. Das Team des Campingplatzes macht Ihre Betten vor Ihrer Ankunft, daher ist es wichtig, dass Sie alle Informationen bei Ihrer Buchung angeben. <\/p>\n\n<p><\/p>\n","protected":false},"featured_media":949,"template":"","meta":{"_acf_changed":false,"site-sidebar-layout":"default","site-content-layout":"","ast-site-content-layout":"","site-content-style":"default","site-sidebar-style":"default","ast-global-header-display":"","ast-banner-title-visibility":"","ast-main-header-display":"","ast-hfb-above-header-display":"","ast-hfb-below-header-display":"","ast-hfb-mobile-header-display":"","site-post-title":"","ast-breadcrumbs-content":"","ast-featured-img":"","footer-sml-layout":"","ast-disable-related-posts":"","theme-transparent-header-meta":"","adv-header-id-meta":"","stick-header-meta":"","header-above-stick-meta":"","header-main-stick-meta":"","header-below-stick-meta":"","astra-migrate-meta-layouts":"default","ast-page-background-enabled":"default","ast-page-background-meta":{"desktop":{"background-color":"var(--ast-global-color-4)","background-image":"","background-repeat":"repeat","background-position":"center center","background-size":"auto","background-attachment":"scroll","background-type":"","background-media":"","overlay-type":"","overlay-color":"","overlay-opacity":"","overlay-gradient":""},"tablet":{"background-color":"","background-image":"","background-repeat":"repeat","background-position":"center center","background-size":"auto","background-attachment":"scroll","background-type":"","background-media":"","overlay-type":"","overlay-color":"","overlay-opacity":"","overlay-gradient":""},"mobile":{"background-color":"","background-image":"","background-repeat":"repeat","background-position":"center center","background-size":"auto","background-attachment":"scroll","background-type":"","background-media":"","overlay-type":"","overlay-color":"","overlay-opacity":"","overlay-gradient":""}},"ast-content-background-meta":{"desktop":{"background-color":"var(--ast-global-color-5)","background-image":"","background-repeat":"repeat","background-position":"center center","background-size":"auto","background-attachment":"scroll","background-type":"","background-media":"","overlay-type":"","overlay-color":"","overlay-opacity":"","overlay-gradient":""},"tablet":{"background-color":"var(--ast-global-color-5)","background-image":"","background-repeat":"repeat","background-position":"center center","background-size":"auto","background-attachment":"scroll","background-type":"","background-media":"","overlay-type":"","overlay-color":"","overlay-opacity":"","overlay-gradient":""},"mobile":{"background-color":"var(--ast-global-color-5)","background-image":"","background-repeat":"repeat","background-position":"center center","background-size":"auto","background-attachment":"scroll","background-type":"","background-media":"","overlay-type":"","overlay-color":"","overlay-opacity":"","overlay-gradient":""}}},"categorie-location":[67],"etiquette_location":[68],"class_list":["post-5980","location","type-location","status-publish","has-post-thumbnail","hentry","categorie-location-mobilheim","etiquette_location-6-personen"],"acf":[],"yoast_head":"<!-- This site is optimized with the Yoast SEO plugin v26.6 - https:\/\/yoast.com\/wordpress\/plugins\/seo\/ -->\n<title>Mobilheim Bergamote - Camping de Villey-le-Sec<\/title>\n<meta name=\"description\" content=\"Verbringen Sie einen naturnahen Urlaub auf dem Campingplatz Villey-le-Sec im Mobilheim Bergamote f\u00fcr 6 Personen!\" \/>\n<meta name=\"robots\" content=\"index, follow, max-snippet:-1, max-image-preview:large, max-video-preview:-1\" \/>\n<link rel=\"canonical\" href=\"https:\/\/www.campingvilleylesec.fr\/de\/location\/mobilheim-bergamote\/\" \/>\n<meta property=\"og:locale\" content=\"de_DE\" \/>\n<meta property=\"og:type\" content=\"article\" \/>\n<meta property=\"og:title\" content=\"Mobilheim Bergamote - Camping de Villey-le-Sec\" \/>\n<meta property=\"og:description\" content=\"Verbringen Sie einen naturnahen Urlaub auf dem Campingplatz Villey-le-Sec im Mobilheim Bergamote f\u00fcr 6 Personen!\" \/>\n<meta property=\"og:url\" content=\"https:\/\/www.campingvilleylesec.fr\/de\/location\/mobilheim-bergamote\/\" \/>\n<meta property=\"og:site_name\" content=\"Camping de Villey-le-Sec\" \/>\n<meta property=\"article:publisher\" content=\"https:\/\/www.facebook.com\/campingVilleyleSec54\" \/>\n<meta property=\"article:modified_time\" content=\"2025-04-01T12:26:04+00:00\" \/>\n<meta property=\"og:image\" content=\"https:\/\/www.campingvilleylesec.fr\/wp-content\/uploads\/2024\/10\/mobilhome-bergamote.jpg\" \/>\n\t<meta property=\"og:image:width\" content=\"1024\" \/>\n\t<meta property=\"og:image:height\" content=\"683\" \/>\n\t<meta property=\"og:image:type\" content=\"image\/jpeg\" \/>\n<meta name=\"twitter:card\" content=\"summary_large_image\" \/>\n<meta name=\"twitter:label1\" content=\"Gesch\u00e4tzte Lesezeit\" \/>\n\t<meta name=\"twitter:data1\" content=\"1\u00a0Minute\" \/>\n<script type=\"application\/ld+json\" class=\"yoast-schema-graph\">{\"@context\":\"https:\/\/schema.org\",\"@graph\":[{\"@type\":\"WebPage\",\"@id\":\"https:\/\/www.campingvilleylesec.fr\/de\/location\/mobilheim-bergamote\/\",\"url\":\"https:\/\/www.campingvilleylesec.fr\/de\/location\/mobilheim-bergamote\/\",\"name\":\"Mobilheim Bergamote - Camping de Villey-le-Sec\",\"isPartOf\":{\"@id\":\"https:\/\/www.campingvilleylesec.fr\/de\/#website\"},\"primaryImageOfPage\":{\"@id\":\"https:\/\/www.campingvilleylesec.fr\/de\/location\/mobilheim-bergamote\/#primaryimage\"},\"image\":{\"@id\":\"https:\/\/www.campingvilleylesec.fr\/de\/location\/mobilheim-bergamote\/#primaryimage\"},\"thumbnailUrl\":\"https:\/\/www.campingvilleylesec.fr\/wp-content\/uploads\/2024\/10\/mobilhome-bergamote.jpg\",\"datePublished\":\"2024-10-17T13:03:45+00:00\",\"dateModified\":\"2025-04-01T12:26:04+00:00\",\"description\":\"Verbringen Sie einen naturnahen Urlaub auf dem Campingplatz Villey-le-Sec im Mobilheim Bergamote f\u00fcr 6 Personen!\",\"breadcrumb\":{\"@id\":\"https:\/\/www.campingvilleylesec.fr\/de\/location\/mobilheim-bergamote\/#breadcrumb\"},\"inLanguage\":\"de\",\"potentialAction\":[{\"@type\":\"ReadAction\",\"target\":[\"https:\/\/www.campingvilleylesec.fr\/de\/location\/mobilheim-bergamote\/\"]}]},{\"@type\":\"ImageObject\",\"inLanguage\":\"de\",\"@id\":\"https:\/\/www.campingvilleylesec.fr\/de\/location\/mobilheim-bergamote\/#primaryimage\",\"url\":\"https:\/\/www.campingvilleylesec.fr\/wp-content\/uploads\/2024\/10\/mobilhome-bergamote.jpg\",\"contentUrl\":\"https:\/\/www.campingvilleylesec.fr\/wp-content\/uploads\/2024\/10\/mobilhome-bergamote.jpg\",\"width\":1024,\"height\":683,\"caption\":\"Au\u00dfenansicht des Mobilheims Bergamote\"},{\"@type\":\"BreadcrumbList\",\"@id\":\"https:\/\/www.campingvilleylesec.fr\/de\/location\/mobilheim-bergamote\/#breadcrumb\",\"itemListElement\":[{\"@type\":\"ListItem\",\"position\":1,\"name\":\"Accueil\",\"item\":\"https:\/\/www.campingvilleylesec.fr\/de\/campingplatz-de-villey-le-sec\/\"},{\"@type\":\"ListItem\",\"position\":2,\"name\":\"Mobilheim Bergamote\"}]},{\"@type\":\"WebSite\",\"@id\":\"https:\/\/www.campingvilleylesec.fr\/de\/#website\",\"url\":\"https:\/\/www.campingvilleylesec.fr\/de\/\",\"name\":\"Camping de Villey-le-Sec\",\"description\":\"\",\"publisher\":{\"@id\":\"https:\/\/www.campingvilleylesec.fr\/de\/#organization\"},\"potentialAction\":[{\"@type\":\"SearchAction\",\"target\":{\"@type\":\"EntryPoint\",\"urlTemplate\":\"https:\/\/www.campingvilleylesec.fr\/de\/?s={search_term_string}\"},\"query-input\":{\"@type\":\"PropertyValueSpecification\",\"valueRequired\":true,\"valueName\":\"search_term_string\"}}],\"inLanguage\":\"de\"},{\"@type\":\"Organization\",\"@id\":\"https:\/\/www.campingvilleylesec.fr\/de\/#organization\",\"name\":\"Camping de Villey-le-Sec\",\"url\":\"https:\/\/www.campingvilleylesec.fr\/de\/\",\"logo\":{\"@type\":\"ImageObject\",\"inLanguage\":\"de\",\"@id\":\"https:\/\/www.campingvilleylesec.fr\/de\/#\/schema\/logo\/image\/\",\"url\":\"https:\/\/www.campingvilleylesec.fr\/wp-content\/uploads\/2024\/12\/cropped-camping-villey-le-sec-logo-CMJN-1.png\",\"contentUrl\":\"https:\/\/www.campingvilleylesec.fr\/wp-content\/uploads\/2024\/12\/cropped-camping-villey-le-sec-logo-CMJN-1.png\",\"width\":900,\"height\":382,\"caption\":\"Camping de Villey-le-Sec\"},\"image\":{\"@id\":\"https:\/\/www.campingvilleylesec.fr\/de\/#\/schema\/logo\/image\/\"},\"sameAs\":[\"https:\/\/www.facebook.com\/campingVilleyleSec54\",\"https:\/\/www.instagram.com\/campingvilleylesec\/\"]}]}<\/script>\n<!-- \/ Yoast SEO plugin. -->","yoast_head_json":{"title":"Mobilheim Bergamote - Camping de Villey-le-Sec","description":"Verbringen Sie einen naturnahen Urlaub auf dem Campingplatz Villey-le-Sec im Mobilheim Bergamote f\u00fcr 6 Personen!","robots":{"index":"index","follow":"follow","max-snippet":"max-snippet:-1","max-image-preview":"max-image-preview:large","max-video-preview":"max-video-preview:-1"},"canonical":"https:\/\/www.campingvilleylesec.fr\/de\/location\/mobilheim-bergamote\/","og_locale":"de_DE","og_type":"article","og_title":"Mobilheim Bergamote - Camping de Villey-le-Sec","og_description":"Verbringen Sie einen naturnahen Urlaub auf dem Campingplatz Villey-le-Sec im Mobilheim Bergamote f\u00fcr 6 Personen!","og_url":"https:\/\/www.campingvilleylesec.fr\/de\/location\/mobilheim-bergamote\/","og_site_name":"Camping de Villey-le-Sec","article_publisher":"https:\/\/www.facebook.com\/campingVilleyleSec54","article_modified_time":"2025-04-01T12:26:04+00:00","og_image":[{"width":1024,"height":683,"url":"https:\/\/www.campingvilleylesec.fr\/wp-content\/uploads\/2024\/10\/mobilhome-bergamote.jpg","type":"image\/jpeg"}],"twitter_card":"summary_large_image","twitter_misc":{"Gesch\u00e4tzte Lesezeit":"1\u00a0Minute"},"schema":{"@context":"https:\/\/schema.org","@graph":[{"@type":"WebPage","@id":"https:\/\/www.campingvilleylesec.fr\/de\/location\/mobilheim-bergamote\/","url":"https:\/\/www.campingvilleylesec.fr\/de\/location\/mobilheim-bergamote\/","name":"Mobilheim Bergamote - Camping de Villey-le-Sec","isPartOf":{"@id":"https:\/\/www.campingvilleylesec.fr\/de\/#website"},"primaryImageOfPage":{"@id":"https:\/\/www.campingvilleylesec.fr\/de\/location\/mobilheim-bergamote\/#primaryimage"},"image":{"@id":"https:\/\/www.campingvilleylesec.fr\/de\/location\/mobilheim-bergamote\/#primaryimage"},"thumbnailUrl":"https:\/\/www.campingvilleylesec.fr\/wp-content\/uploads\/2024\/10\/mobilhome-bergamote.jpg","datePublished":"2024-10-17T13:03:45+00:00","dateModified":"2025-04-01T12:26:04+00:00","description":"Verbringen Sie einen naturnahen Urlaub auf dem Campingplatz Villey-le-Sec im Mobilheim Bergamote f\u00fcr 6 Personen!","breadcrumb":{"@id":"https:\/\/www.campingvilleylesec.fr\/de\/location\/mobilheim-bergamote\/#breadcrumb"},"inLanguage":"de","potentialAction":[{"@type":"ReadAction","target":["https:\/\/www.campingvilleylesec.fr\/de\/location\/mobilheim-bergamote\/"]}]},{"@type":"ImageObject","inLanguage":"de","@id":"https:\/\/www.campingvilleylesec.fr\/de\/location\/mobilheim-bergamote\/#primaryimage","url":"https:\/\/www.campingvilleylesec.fr\/wp-content\/uploads\/2024\/10\/mobilhome-bergamote.jpg","contentUrl":"https:\/\/www.campingvilleylesec.fr\/wp-content\/uploads\/2024\/10\/mobilhome-bergamote.jpg","width":1024,"height":683,"caption":"Au\u00dfenansicht des Mobilheims Bergamote"},{"@type":"BreadcrumbList","@id":"https:\/\/www.campingvilleylesec.fr\/de\/location\/mobilheim-bergamote\/#breadcrumb","itemListElement":[{"@type":"ListItem","position":1,"name":"Accueil","item":"https:\/\/www.campingvilleylesec.fr\/de\/campingplatz-de-villey-le-sec\/"},{"@type":"ListItem","position":2,"name":"Mobilheim Bergamote"}]},{"@type":"WebSite","@id":"https:\/\/www.campingvilleylesec.fr\/de\/#website","url":"https:\/\/www.campingvilleylesec.fr\/de\/","name":"Camping de Villey-le-Sec","description":"","publisher":{"@id":"https:\/\/www.campingvilleylesec.fr\/de\/#organization"},"potentialAction":[{"@type":"SearchAction","target":{"@type":"EntryPoint","urlTemplate":"https:\/\/www.campingvilleylesec.fr\/de\/?s={search_term_string}"},"query-input":{"@type":"PropertyValueSpecification","valueRequired":true,"valueName":"search_term_string"}}],"inLanguage":"de"},{"@type":"Organization","@id":"https:\/\/www.campingvilleylesec.fr\/de\/#organization","name":"Camping de Villey-le-Sec","url":"https:\/\/www.campingvilleylesec.fr\/de\/","logo":{"@type":"ImageObject","inLanguage":"de","@id":"https:\/\/www.campingvilleylesec.fr\/de\/#\/schema\/logo\/image\/","url":"https:\/\/www.campingvilleylesec.fr\/wp-content\/uploads\/2024\/12\/cropped-camping-villey-le-sec-logo-CMJN-1.png","contentUrl":"https:\/\/www.campingvilleylesec.fr\/wp-content\/uploads\/2024\/12\/cropped-camping-villey-le-sec-logo-CMJN-1.png","width":900,"height":382,"caption":"Camping de Villey-le-Sec"},"image":{"@id":"https:\/\/www.campingvilleylesec.fr\/de\/#\/schema\/logo\/image\/"},"sameAs":["https:\/\/www.facebook.com\/campingVilleyleSec54","https:\/\/www.instagram.com\/campingvilleylesec\/"]}]}},"_links":{"self":[{"href":"https:\/\/www.campingvilleylesec.fr\/de\/wp-json\/wp\/v2\/location\/5980","targetHints":{"allow":["GET"]}}],"collection":[{"href":"https:\/\/www.campingvilleylesec.fr\/de\/wp-json\/wp\/v2\/location"}],"about":[{"href":"https:\/\/www.campingvilleylesec.fr\/de\/wp-json\/wp\/v2\/types\/location"}],"version-history":[{"count":0,"href":"https:\/\/www.campingvilleylesec.fr\/de\/wp-json\/wp\/v2\/location\/5980\/revisions"}],"wp:featuredmedia":[{"embeddable":true,"href":"https:\/\/www.campingvilleylesec.fr\/de\/wp-json\/wp\/v2\/media\/949"}],"wp:attachment":[{"href":"https:\/\/www.campingvilleylesec.fr\/de\/wp-json\/wp\/v2\/media?parent=5980"}],"wp:term":[{"taxonomy":"categorie-location","embeddable":true,"href":"https:\/\/www.campingvilleylesec.fr\/de\/wp-json\/wp\/v2\/categorie-location?post=5980"},{"taxonomy":"etiquette_location","embeddable":true,"href":"https:\/\/www.campingvilleylesec.fr\/de\/wp-json\/wp\/v2\/etiquette_location?post=5980"}],"curies":[{"name":"wp","href":"https:\/\/api.w.org\/{rel}","templated":true}]}}