{"id":5992,"date":"2024-10-17T15:21:30","date_gmt":"2024-10-17T13:21:30","guid":{"rendered":"https:\/\/cnt-prod-etape-touloise.gibraltaz.com\/location\/mobilheim-mittelmeer\/"},"modified":"2025-06-13T16:47:01","modified_gmt":"2025-06-13T14:47:01","slug":"mobilheim-mittelmeer","status":"publish","type":"location","link":"https:\/\/www.campingvilleylesec.fr\/de\/location\/mobilheim-mittelmeer\/","title":{"rendered":"Mobilheim Mittelmeer"},"content":{"rendered":"\n<h3 class=\"wp-block-heading\">Die Ausstattung<\/h3>\n\n<p>Das Mobilheim M\u00e9diterran\u00e9e ist wie alle Mobilheime mit Geschirr, T\u00f6pfen und Pfannen, einem K\u00fchlschrank mit Gefrierfach, 4 Gaskochstellen, einer Filterkaffeemaschine, einer Mikrowelle und einem Fernseher ausgestattet. Das Team des Campingplatzes stellt Ihnen ein Begr\u00fc\u00dfungspaket zur Verf\u00fcgung, in dem Sie eine Portion Sp\u00fclmittel, eine Portion Haushaltsreiniger, einen Schwamm, einen M\u00fcllbeutel und eine Rolle Toilettenpapier finden. <\/p>\n\n<h3 class=\"wp-block-heading\">Au\u00dfengestaltung<\/h3>\n\n<p>Genie\u00dfen Sie den Blick auf die Mosel von der Terrasse mit Gartenm\u00f6beln, die zum Mobilheim M\u00e9diterran\u00e9e geh\u00f6rt. Sie k\u00f6nnen auch Ihr Auto neben dem Mobilheim auf einem reservierten Parkplatz abstellen. <\/p>\n\n<h3 class=\"wp-block-heading\">Die anderen +<\/h3>\n\n<p>Das Mobilheim verf\u00fcgt \u00fcber eine Heizung, damit Sie auch bei k\u00fchlem Wetter Ihren Aufenthalt genie\u00dfen k\u00f6nnen. Jedes Mobilheim verf\u00fcgt \u00fcber ein Duschbad (Badematte vorhanden) und ein separates WC. <\/p>\n\n<p>Die Betten sind mit Kopfkissen, Bettdecken und zus\u00e4tzlichen Decken ausgestattet. Die Betten werden vor Ihrer Ankunft gemacht, daher ist es wichtig, dass Sie alle Informationen bei der Buchung angeben. <\/p>\n\n<p><\/p>\n","protected":false},"featured_media":849,"template":"","meta":{"_acf_changed":false,"site-sidebar-layout":"default","site-content-layout":"","ast-site-content-layout":"","site-content-style":"default","site-sidebar-style":"default","ast-global-header-display":"","ast-banner-title-visibility":"","ast-main-header-display":"","ast-hfb-above-header-display":"","ast-hfb-below-header-display":"","ast-hfb-mobile-header-display":"","site-post-title":"","ast-breadcrumbs-content":"","ast-featured-img":"","footer-sml-layout":"","ast-disable-related-posts":"","theme-transparent-header-meta":"","adv-header-id-meta":"","stick-header-meta":"","header-above-stick-meta":"","header-main-stick-meta":"","header-below-stick-meta":"","astra-migrate-meta-layouts":"default","ast-page-background-enabled":"default","ast-page-background-meta":{"desktop":{"background-color":"var(--ast-global-color-4)","background-image":"","background-repeat":"repeat","background-position":"center center","background-size":"auto","background-attachment":"scroll","background-type":"","background-media":"","overlay-type":"","overlay-color":"","overlay-opacity":"","overlay-gradient":""},"tablet":{"background-color":"","background-image":"","background-repeat":"repeat","background-position":"center center","background-size":"auto","background-attachment":"scroll","background-type":"","background-media":"","overlay-type":"","overlay-color":"","overlay-opacity":"","overlay-gradient":""},"mobile":{"background-color":"","background-image":"","background-repeat":"repeat","background-position":"center center","background-size":"auto","background-attachment":"scroll","background-type":"","background-media":"","overlay-type":"","overlay-color":"","overlay-opacity":"","overlay-gradient":""}},"ast-content-background-meta":{"desktop":{"background-color":"var(--ast-global-color-5)","background-image":"","background-repeat":"repeat","background-position":"center center","background-size":"auto","background-attachment":"scroll","background-type":"","background-media":"","overlay-type":"","overlay-color":"","overlay-opacity":"","overlay-gradient":""},"tablet":{"background-color":"var(--ast-global-color-5)","background-image":"","background-repeat":"repeat","background-position":"center center","background-size":"auto","background-attachment":"scroll","background-type":"","background-media":"","overlay-type":"","overlay-color":"","overlay-opacity":"","overlay-gradient":""},"mobile":{"background-color":"var(--ast-global-color-5)","background-image":"","background-repeat":"repeat","background-position":"center center","background-size":"auto","background-attachment":"scroll","background-type":"","background-media":"","overlay-type":"","overlay-color":"","overlay-opacity":"","overlay-gradient":""}}},"categorie-location":[67],"etiquette_location":[69],"class_list":["post-5992","location","type-location","status-publish","has-post-thumbnail","hentry","categorie-location-mobilheim","etiquette_location-4-personen"],"acf":[],"yoast_head":"<!-- This site is optimized with the Yoast SEO plugin v26.6 - https:\/\/yoast.com\/wordpress\/plugins\/seo\/ -->\n<title>Mobilheim Mittelmeer - Camping de Villey-le-Sec<\/title>\n<meta name=\"description\" content=\"Verbringen Sie einen naturnahen Urlaub auf dem Campingplatz Villey-le-Sec im Mobilheim M\u00e9diterran\u00e9e f\u00fcr 4 Personen mit Blick auf die Mosel!\" \/>\n<meta name=\"robots\" content=\"index, follow, max-snippet:-1, max-image-preview:large, max-video-preview:-1\" \/>\n<link rel=\"canonical\" href=\"https:\/\/www.campingvilleylesec.fr\/de\/location\/mobilheim-mittelmeer\/\" \/>\n<meta property=\"og:locale\" content=\"de_DE\" \/>\n<meta property=\"og:type\" content=\"article\" \/>\n<meta property=\"og:title\" content=\"Mobilheim Mittelmeer - Camping de Villey-le-Sec\" \/>\n<meta property=\"og:description\" content=\"Verbringen Sie einen naturnahen Urlaub auf dem Campingplatz Villey-le-Sec im Mobilheim M\u00e9diterran\u00e9e f\u00fcr 4 Personen mit Blick auf die Mosel!\" \/>\n<meta property=\"og:url\" content=\"https:\/\/www.campingvilleylesec.fr\/de\/location\/mobilheim-mittelmeer\/\" \/>\n<meta property=\"og:site_name\" content=\"Camping de Villey-le-Sec\" \/>\n<meta property=\"article:publisher\" content=\"https:\/\/www.facebook.com\/campingVilleyleSec54\" \/>\n<meta property=\"article:modified_time\" content=\"2025-06-13T14:47:01+00:00\" \/>\n<meta property=\"og:image\" content=\"https:\/\/www.campingvilleylesec.fr\/wp-content\/uploads\/2024\/10\/exterieur-mobilhome-mediterranee.jpg\" \/>\n\t<meta property=\"og:image:width\" content=\"312\" \/>\n\t<meta property=\"og:image:height\" content=\"416\" \/>\n\t<meta property=\"og:image:type\" content=\"image\/jpeg\" \/>\n<meta name=\"twitter:card\" content=\"summary_large_image\" \/>\n<meta name=\"twitter:label1\" content=\"Gesch\u00e4tzte Lesezeit\" \/>\n\t<meta name=\"twitter:data1\" content=\"1\u00a0Minute\" \/>\n<script type=\"application\/ld+json\" class=\"yoast-schema-graph\">{\"@context\":\"https:\/\/schema.org\",\"@graph\":[{\"@type\":\"WebPage\",\"@id\":\"https:\/\/www.campingvilleylesec.fr\/de\/location\/mobilheim-mittelmeer\/\",\"url\":\"https:\/\/www.campingvilleylesec.fr\/de\/location\/mobilheim-mittelmeer\/\",\"name\":\"Mobilheim Mittelmeer - Camping de Villey-le-Sec\",\"isPartOf\":{\"@id\":\"https:\/\/www.campingvilleylesec.fr\/de\/#website\"},\"primaryImageOfPage\":{\"@id\":\"https:\/\/www.campingvilleylesec.fr\/de\/location\/mobilheim-mittelmeer\/#primaryimage\"},\"image\":{\"@id\":\"https:\/\/www.campingvilleylesec.fr\/de\/location\/mobilheim-mittelmeer\/#primaryimage\"},\"thumbnailUrl\":\"https:\/\/www.campingvilleylesec.fr\/wp-content\/uploads\/2024\/10\/exterieur-mobilhome-mediterranee.jpg\",\"datePublished\":\"2024-10-17T13:21:30+00:00\",\"dateModified\":\"2025-06-13T14:47:01+00:00\",\"description\":\"Verbringen Sie einen naturnahen Urlaub auf dem Campingplatz Villey-le-Sec im Mobilheim M\u00e9diterran\u00e9e f\u00fcr 4 Personen mit Blick auf die Mosel!\",\"breadcrumb\":{\"@id\":\"https:\/\/www.campingvilleylesec.fr\/de\/location\/mobilheim-mittelmeer\/#breadcrumb\"},\"inLanguage\":\"de\",\"potentialAction\":[{\"@type\":\"ReadAction\",\"target\":[\"https:\/\/www.campingvilleylesec.fr\/de\/location\/mobilheim-mittelmeer\/\"]}]},{\"@type\":\"ImageObject\",\"inLanguage\":\"de\",\"@id\":\"https:\/\/www.campingvilleylesec.fr\/de\/location\/mobilheim-mittelmeer\/#primaryimage\",\"url\":\"https:\/\/www.campingvilleylesec.fr\/wp-content\/uploads\/2024\/10\/exterieur-mobilhome-mediterranee.jpg\",\"contentUrl\":\"https:\/\/www.campingvilleylesec.fr\/wp-content\/uploads\/2024\/10\/exterieur-mobilhome-mediterranee.jpg\",\"width\":312,\"height\":416,\"caption\":\"Au\u00dfenansicht des Mobilheims M\u00e9diterran\u00e9e mit Blick auf die Mosel\"},{\"@type\":\"BreadcrumbList\",\"@id\":\"https:\/\/www.campingvilleylesec.fr\/de\/location\/mobilheim-mittelmeer\/#breadcrumb\",\"itemListElement\":[{\"@type\":\"ListItem\",\"position\":1,\"name\":\"Accueil\",\"item\":\"https:\/\/www.campingvilleylesec.fr\/de\/campingplatz-de-villey-le-sec\/\"},{\"@type\":\"ListItem\",\"position\":2,\"name\":\"Mobilheim Mittelmeer\"}]},{\"@type\":\"WebSite\",\"@id\":\"https:\/\/www.campingvilleylesec.fr\/de\/#website\",\"url\":\"https:\/\/www.campingvilleylesec.fr\/de\/\",\"name\":\"Camping de Villey-le-Sec\",\"description\":\"\",\"publisher\":{\"@id\":\"https:\/\/www.campingvilleylesec.fr\/de\/#organization\"},\"potentialAction\":[{\"@type\":\"SearchAction\",\"target\":{\"@type\":\"EntryPoint\",\"urlTemplate\":\"https:\/\/www.campingvilleylesec.fr\/de\/?s={search_term_string}\"},\"query-input\":{\"@type\":\"PropertyValueSpecification\",\"valueRequired\":true,\"valueName\":\"search_term_string\"}}],\"inLanguage\":\"de\"},{\"@type\":\"Organization\",\"@id\":\"https:\/\/www.campingvilleylesec.fr\/de\/#organization\",\"name\":\"Camping de Villey-le-Sec\",\"url\":\"https:\/\/www.campingvilleylesec.fr\/de\/\",\"logo\":{\"@type\":\"ImageObject\",\"inLanguage\":\"de\",\"@id\":\"https:\/\/www.campingvilleylesec.fr\/de\/#\/schema\/logo\/image\/\",\"url\":\"https:\/\/www.campingvilleylesec.fr\/wp-content\/uploads\/2024\/12\/cropped-camping-villey-le-sec-logo-CMJN-1.png\",\"contentUrl\":\"https:\/\/www.campingvilleylesec.fr\/wp-content\/uploads\/2024\/12\/cropped-camping-villey-le-sec-logo-CMJN-1.png\",\"width\":900,\"height\":382,\"caption\":\"Camping de Villey-le-Sec\"},\"image\":{\"@id\":\"https:\/\/www.campingvilleylesec.fr\/de\/#\/schema\/logo\/image\/\"},\"sameAs\":[\"https:\/\/www.facebook.com\/campingVilleyleSec54\",\"https:\/\/www.instagram.com\/campingvilleylesec\/\"]}]}<\/script>\n<!-- \/ Yoast SEO plugin. -->","yoast_head_json":{"title":"Mobilheim Mittelmeer - Camping de Villey-le-Sec","description":"Verbringen Sie einen naturnahen Urlaub auf dem Campingplatz Villey-le-Sec im Mobilheim M\u00e9diterran\u00e9e f\u00fcr 4 Personen mit Blick auf die Mosel!","robots":{"index":"index","follow":"follow","max-snippet":"max-snippet:-1","max-image-preview":"max-image-preview:large","max-video-preview":"max-video-preview:-1"},"canonical":"https:\/\/www.campingvilleylesec.fr\/de\/location\/mobilheim-mittelmeer\/","og_locale":"de_DE","og_type":"article","og_title":"Mobilheim Mittelmeer - Camping de Villey-le-Sec","og_description":"Verbringen Sie einen naturnahen Urlaub auf dem Campingplatz Villey-le-Sec im Mobilheim M\u00e9diterran\u00e9e f\u00fcr 4 Personen mit Blick auf die Mosel!","og_url":"https:\/\/www.campingvilleylesec.fr\/de\/location\/mobilheim-mittelmeer\/","og_site_name":"Camping de Villey-le-Sec","article_publisher":"https:\/\/www.facebook.com\/campingVilleyleSec54","article_modified_time":"2025-06-13T14:47:01+00:00","og_image":[{"width":312,"height":416,"url":"https:\/\/www.campingvilleylesec.fr\/wp-content\/uploads\/2024\/10\/exterieur-mobilhome-mediterranee.jpg","type":"image\/jpeg"}],"twitter_card":"summary_large_image","twitter_misc":{"Gesch\u00e4tzte Lesezeit":"1\u00a0Minute"},"schema":{"@context":"https:\/\/schema.org","@graph":[{"@type":"WebPage","@id":"https:\/\/www.campingvilleylesec.fr\/de\/location\/mobilheim-mittelmeer\/","url":"https:\/\/www.campingvilleylesec.fr\/de\/location\/mobilheim-mittelmeer\/","name":"Mobilheim Mittelmeer - Camping de Villey-le-Sec","isPartOf":{"@id":"https:\/\/www.campingvilleylesec.fr\/de\/#website"},"primaryImageOfPage":{"@id":"https:\/\/www.campingvilleylesec.fr\/de\/location\/mobilheim-mittelmeer\/#primaryimage"},"image":{"@id":"https:\/\/www.campingvilleylesec.fr\/de\/location\/mobilheim-mittelmeer\/#primaryimage"},"thumbnailUrl":"https:\/\/www.campingvilleylesec.fr\/wp-content\/uploads\/2024\/10\/exterieur-mobilhome-mediterranee.jpg","datePublished":"2024-10-17T13:21:30+00:00","dateModified":"2025-06-13T14:47:01+00:00","description":"Verbringen Sie einen naturnahen Urlaub auf dem Campingplatz Villey-le-Sec im Mobilheim M\u00e9diterran\u00e9e f\u00fcr 4 Personen mit Blick auf die Mosel!","breadcrumb":{"@id":"https:\/\/www.campingvilleylesec.fr\/de\/location\/mobilheim-mittelmeer\/#breadcrumb"},"inLanguage":"de","potentialAction":[{"@type":"ReadAction","target":["https:\/\/www.campingvilleylesec.fr\/de\/location\/mobilheim-mittelmeer\/"]}]},{"@type":"ImageObject","inLanguage":"de","@id":"https:\/\/www.campingvilleylesec.fr\/de\/location\/mobilheim-mittelmeer\/#primaryimage","url":"https:\/\/www.campingvilleylesec.fr\/wp-content\/uploads\/2024\/10\/exterieur-mobilhome-mediterranee.jpg","contentUrl":"https:\/\/www.campingvilleylesec.fr\/wp-content\/uploads\/2024\/10\/exterieur-mobilhome-mediterranee.jpg","width":312,"height":416,"caption":"Au\u00dfenansicht des Mobilheims M\u00e9diterran\u00e9e mit Blick auf die Mosel"},{"@type":"BreadcrumbList","@id":"https:\/\/www.campingvilleylesec.fr\/de\/location\/mobilheim-mittelmeer\/#breadcrumb","itemListElement":[{"@type":"ListItem","position":1,"name":"Accueil","item":"https:\/\/www.campingvilleylesec.fr\/de\/campingplatz-de-villey-le-sec\/"},{"@type":"ListItem","position":2,"name":"Mobilheim Mittelmeer"}]},{"@type":"WebSite","@id":"https:\/\/www.campingvilleylesec.fr\/de\/#website","url":"https:\/\/www.campingvilleylesec.fr\/de\/","name":"Camping de Villey-le-Sec","description":"","publisher":{"@id":"https:\/\/www.campingvilleylesec.fr\/de\/#organization"},"potentialAction":[{"@type":"SearchAction","target":{"@type":"EntryPoint","urlTemplate":"https:\/\/www.campingvilleylesec.fr\/de\/?s={search_term_string}"},"query-input":{"@type":"PropertyValueSpecification","valueRequired":true,"valueName":"search_term_string"}}],"inLanguage":"de"},{"@type":"Organization","@id":"https:\/\/www.campingvilleylesec.fr\/de\/#organization","name":"Camping de Villey-le-Sec","url":"https:\/\/www.campingvilleylesec.fr\/de\/","logo":{"@type":"ImageObject","inLanguage":"de","@id":"https:\/\/www.campingvilleylesec.fr\/de\/#\/schema\/logo\/image\/","url":"https:\/\/www.campingvilleylesec.fr\/wp-content\/uploads\/2024\/12\/cropped-camping-villey-le-sec-logo-CMJN-1.png","contentUrl":"https:\/\/www.campingvilleylesec.fr\/wp-content\/uploads\/2024\/12\/cropped-camping-villey-le-sec-logo-CMJN-1.png","width":900,"height":382,"caption":"Camping de Villey-le-Sec"},"image":{"@id":"https:\/\/www.campingvilleylesec.fr\/de\/#\/schema\/logo\/image\/"},"sameAs":["https:\/\/www.facebook.com\/campingVilleyleSec54","https:\/\/www.instagram.com\/campingvilleylesec\/"]}]}},"_links":{"self":[{"href":"https:\/\/www.campingvilleylesec.fr\/de\/wp-json\/wp\/v2\/location\/5992","targetHints":{"allow":["GET"]}}],"collection":[{"href":"https:\/\/www.campingvilleylesec.fr\/de\/wp-json\/wp\/v2\/location"}],"about":[{"href":"https:\/\/www.campingvilleylesec.fr\/de\/wp-json\/wp\/v2\/types\/location"}],"version-history":[{"count":0,"href":"https:\/\/www.campingvilleylesec.fr\/de\/wp-json\/wp\/v2\/location\/5992\/revisions"}],"wp:featuredmedia":[{"embeddable":true,"href":"https:\/\/www.campingvilleylesec.fr\/de\/wp-json\/wp\/v2\/media\/849"}],"wp:attachment":[{"href":"https:\/\/www.campingvilleylesec.fr\/de\/wp-json\/wp\/v2\/media?parent=5992"}],"wp:term":[{"taxonomy":"categorie-location","embeddable":true,"href":"https:\/\/www.campingvilleylesec.fr\/de\/wp-json\/wp\/v2\/categorie-location?post=5992"},{"taxonomy":"etiquette_location","embeddable":true,"href":"https:\/\/www.campingvilleylesec.fr\/de\/wp-json\/wp\/v2\/etiquette_location?post=5992"}],"curies":[{"name":"wp","href":"https:\/\/api.w.org\/{rel}","templated":true}]}}