{"id":6002,"date":"2024-10-17T16:54:00","date_gmt":"2024-10-17T14:54:00","guid":{"rendered":"https:\/\/cnt-prod-etape-touloise.gibraltaz.com\/location\/mobilheim-castor\/"},"modified":"2025-04-01T14:26:11","modified_gmt":"2025-04-01T12:26:11","slug":"mobilheim-castor","status":"publish","type":"location","link":"https:\/\/www.campingvilleylesec.fr\/de\/location\/mobilheim-castor\/","title":{"rendered":"Mobilheim Castor"},"content":{"rendered":"\n<h3 class=\"wp-block-heading\">Die Ausstattung<\/h3>\n\n<p>Der Standcaravan Castor ist wie alle Standcaravans mit Geschirr, T\u00f6pfen und Pfannen, einem K\u00fchlschrank mit Gefrierfach, 4 Gaskochstellen, einer Filterkaffeemaschine und einer Mikrowelle ausgestattet. Au\u00dferdem ist es mit einem Backofen ausgestattet. Der Wohnbereich des Mobilheims ist mit einem Fernseher ausgestattet. Das Team des Campingplatzes stellt Ihnen ein Willkommenspaket zur Verf\u00fcgung, um Ihnen die Einrichtung zu erleichtern. Sie erhalten eine Portion Sp\u00fclmittel, eine Portion Haushaltsreiniger, einen Schwamm, eine M\u00fcllt\u00fcte und eine Rolle Toilettenpapier.    <\/p>\n\n<h3 class=\"wp-block-heading\">Au\u00dfengestaltung<\/h3>\n\n<p>Das Mobilheim Castor verf\u00fcgt \u00fcber eine Terrasse mit Gartenm\u00f6beln. Genie\u00dfen Sie die Aussicht auf die Mosel von Ihrer Terrasse aus! Sie haben die M\u00f6glichkeit, Ihr Auto neben der Unterkunft zu parken.  <\/p>\n\n<h3 class=\"wp-block-heading\">Die anderen +<\/h3>\n\n<p>Das Mobilheim verf\u00fcgt \u00fcber eine Heizung. Jeder Mobilheim verf\u00fcgt \u00fcber ein Duschbad (Badematte vorhanden) und ein separates WC. <\/p>\n\n<p>Die Betten sind mit Kopfkissen, Bettdecken und zus\u00e4tzlichen Decken ausgestattet. Unser Team macht Ihre Betten vor Ihrer Ankunft, daher ist es wichtig, dass Sie alle Informationen bei Ihrer Buchung angeben. <\/p>\n\n<p>Wir erlauben Hunde im Mobilheim Castor, mit Ausnahme von Hunden der ersten und zweiten Kategorie. Ihre vierbeinigen Freunde m\u00fcssen eine Impfbescheinigung vorweisen k\u00f6nnen, um den Urlaub mit Ihnen zu genie\u00dfen. Die Anzahl der Hunde pro Mietunterkunft ist jedoch auf einen Hund begrenzt.  <\/p>\n\n<p><\/p>\n","protected":false},"featured_media":925,"template":"","meta":{"_acf_changed":false,"site-sidebar-layout":"default","site-content-layout":"","ast-site-content-layout":"","site-content-style":"default","site-sidebar-style":"default","ast-global-header-display":"","ast-banner-title-visibility":"","ast-main-header-display":"","ast-hfb-above-header-display":"","ast-hfb-below-header-display":"","ast-hfb-mobile-header-display":"","site-post-title":"","ast-breadcrumbs-content":"","ast-featured-img":"","footer-sml-layout":"","ast-disable-related-posts":"","theme-transparent-header-meta":"","adv-header-id-meta":"","stick-header-meta":"","header-above-stick-meta":"","header-main-stick-meta":"","header-below-stick-meta":"","astra-migrate-meta-layouts":"default","ast-page-background-enabled":"default","ast-page-background-meta":{"desktop":{"background-color":"var(--ast-global-color-4)","background-image":"","background-repeat":"repeat","background-position":"center center","background-size":"auto","background-attachment":"scroll","background-type":"","background-media":"","overlay-type":"","overlay-color":"","overlay-opacity":"","overlay-gradient":""},"tablet":{"background-color":"","background-image":"","background-repeat":"repeat","background-position":"center center","background-size":"auto","background-attachment":"scroll","background-type":"","background-media":"","overlay-type":"","overlay-color":"","overlay-opacity":"","overlay-gradient":""},"mobile":{"background-color":"","background-image":"","background-repeat":"repeat","background-position":"center center","background-size":"auto","background-attachment":"scroll","background-type":"","background-media":"","overlay-type":"","overlay-color":"","overlay-opacity":"","overlay-gradient":""}},"ast-content-background-meta":{"desktop":{"background-color":"var(--ast-global-color-5)","background-image":"","background-repeat":"repeat","background-position":"center center","background-size":"auto","background-attachment":"scroll","background-type":"","background-media":"","overlay-type":"","overlay-color":"","overlay-opacity":"","overlay-gradient":""},"tablet":{"background-color":"var(--ast-global-color-5)","background-image":"","background-repeat":"repeat","background-position":"center center","background-size":"auto","background-attachment":"scroll","background-type":"","background-media":"","overlay-type":"","overlay-color":"","overlay-opacity":"","overlay-gradient":""},"mobile":{"background-color":"var(--ast-global-color-5)","background-image":"","background-repeat":"repeat","background-position":"center center","background-size":"auto","background-attachment":"scroll","background-type":"","background-media":"","overlay-type":"","overlay-color":"","overlay-opacity":"","overlay-gradient":""}}},"categorie-location":[67],"etiquette_location":[69],"class_list":["post-6002","location","type-location","status-publish","has-post-thumbnail","hentry","categorie-location-mobilheim","etiquette_location-4-personen"],"acf":[],"yoast_head":"<!-- This site is optimized with the Yoast SEO plugin v26.6 - https:\/\/yoast.com\/wordpress\/plugins\/seo\/ -->\n<title>Mobilheim Castor - Camping de Villey-le-Sec<\/title>\n<meta name=\"description\" content=\"Verbringen Sie einen naturnahen Aufenthalt auf dem Campingplatz Villey-le-Sec im Mobilheim Castor f\u00fcr 4 Personen mit Blick auf die Mosel!\" \/>\n<meta name=\"robots\" content=\"index, follow, max-snippet:-1, max-image-preview:large, max-video-preview:-1\" \/>\n<link rel=\"canonical\" href=\"https:\/\/www.campingvilleylesec.fr\/de\/location\/mobilheim-castor\/\" \/>\n<meta property=\"og:locale\" content=\"de_DE\" \/>\n<meta property=\"og:type\" content=\"article\" \/>\n<meta property=\"og:title\" content=\"Mobilheim Castor - Camping de Villey-le-Sec\" \/>\n<meta property=\"og:description\" content=\"Verbringen Sie einen naturnahen Aufenthalt auf dem Campingplatz Villey-le-Sec im Mobilheim Castor f\u00fcr 4 Personen mit Blick auf die Mosel!\" \/>\n<meta property=\"og:url\" content=\"https:\/\/www.campingvilleylesec.fr\/de\/location\/mobilheim-castor\/\" \/>\n<meta property=\"og:site_name\" content=\"Camping de Villey-le-Sec\" \/>\n<meta property=\"article:publisher\" content=\"https:\/\/www.facebook.com\/campingVilleyleSec54\" \/>\n<meta property=\"article:modified_time\" content=\"2025-04-01T12:26:11+00:00\" \/>\n<meta property=\"og:image\" content=\"https:\/\/www.campingvilleylesec.fr\/wp-content\/uploads\/2024\/10\/mobilhome-castor-exterieur.jpg\" \/>\n\t<meta property=\"og:image:width\" content=\"768\" \/>\n\t<meta property=\"og:image:height\" content=\"1024\" \/>\n\t<meta property=\"og:image:type\" content=\"image\/jpeg\" \/>\n<meta name=\"twitter:card\" content=\"summary_large_image\" \/>\n<meta name=\"twitter:label1\" content=\"Gesch\u00e4tzte Lesezeit\" \/>\n\t<meta name=\"twitter:data1\" content=\"1\u00a0Minute\" \/>\n<script type=\"application\/ld+json\" class=\"yoast-schema-graph\">{\"@context\":\"https:\/\/schema.org\",\"@graph\":[{\"@type\":\"WebPage\",\"@id\":\"https:\/\/www.campingvilleylesec.fr\/de\/location\/mobilheim-castor\/\",\"url\":\"https:\/\/www.campingvilleylesec.fr\/de\/location\/mobilheim-castor\/\",\"name\":\"Mobilheim Castor - Camping de Villey-le-Sec\",\"isPartOf\":{\"@id\":\"https:\/\/www.campingvilleylesec.fr\/de\/#website\"},\"primaryImageOfPage\":{\"@id\":\"https:\/\/www.campingvilleylesec.fr\/de\/location\/mobilheim-castor\/#primaryimage\"},\"image\":{\"@id\":\"https:\/\/www.campingvilleylesec.fr\/de\/location\/mobilheim-castor\/#primaryimage\"},\"thumbnailUrl\":\"https:\/\/www.campingvilleylesec.fr\/wp-content\/uploads\/2024\/10\/mobilhome-castor-exterieur.jpg\",\"datePublished\":\"2024-10-17T14:54:00+00:00\",\"dateModified\":\"2025-04-01T12:26:11+00:00\",\"description\":\"Verbringen Sie einen naturnahen Aufenthalt auf dem Campingplatz Villey-le-Sec im Mobilheim Castor f\u00fcr 4 Personen mit Blick auf die Mosel!\",\"breadcrumb\":{\"@id\":\"https:\/\/www.campingvilleylesec.fr\/de\/location\/mobilheim-castor\/#breadcrumb\"},\"inLanguage\":\"de\",\"potentialAction\":[{\"@type\":\"ReadAction\",\"target\":[\"https:\/\/www.campingvilleylesec.fr\/de\/location\/mobilheim-castor\/\"]}]},{\"@type\":\"ImageObject\",\"inLanguage\":\"de\",\"@id\":\"https:\/\/www.campingvilleylesec.fr\/de\/location\/mobilheim-castor\/#primaryimage\",\"url\":\"https:\/\/www.campingvilleylesec.fr\/wp-content\/uploads\/2024\/10\/mobilhome-castor-exterieur.jpg\",\"contentUrl\":\"https:\/\/www.campingvilleylesec.fr\/wp-content\/uploads\/2024\/10\/mobilhome-castor-exterieur.jpg\",\"width\":768,\"height\":1024,\"caption\":\"Au\u00dfenansicht des Mobilheims Castor auf dem Campingplatz Villey-le-Sec\"},{\"@type\":\"BreadcrumbList\",\"@id\":\"https:\/\/www.campingvilleylesec.fr\/de\/location\/mobilheim-castor\/#breadcrumb\",\"itemListElement\":[{\"@type\":\"ListItem\",\"position\":1,\"name\":\"Accueil\",\"item\":\"https:\/\/www.campingvilleylesec.fr\/de\/campingplatz-de-villey-le-sec\/\"},{\"@type\":\"ListItem\",\"position\":2,\"name\":\"Mobilheim Castor\"}]},{\"@type\":\"WebSite\",\"@id\":\"https:\/\/www.campingvilleylesec.fr\/de\/#website\",\"url\":\"https:\/\/www.campingvilleylesec.fr\/de\/\",\"name\":\"Camping de Villey-le-Sec\",\"description\":\"\",\"publisher\":{\"@id\":\"https:\/\/www.campingvilleylesec.fr\/de\/#organization\"},\"potentialAction\":[{\"@type\":\"SearchAction\",\"target\":{\"@type\":\"EntryPoint\",\"urlTemplate\":\"https:\/\/www.campingvilleylesec.fr\/de\/?s={search_term_string}\"},\"query-input\":{\"@type\":\"PropertyValueSpecification\",\"valueRequired\":true,\"valueName\":\"search_term_string\"}}],\"inLanguage\":\"de\"},{\"@type\":\"Organization\",\"@id\":\"https:\/\/www.campingvilleylesec.fr\/de\/#organization\",\"name\":\"Camping de Villey-le-Sec\",\"url\":\"https:\/\/www.campingvilleylesec.fr\/de\/\",\"logo\":{\"@type\":\"ImageObject\",\"inLanguage\":\"de\",\"@id\":\"https:\/\/www.campingvilleylesec.fr\/de\/#\/schema\/logo\/image\/\",\"url\":\"https:\/\/www.campingvilleylesec.fr\/wp-content\/uploads\/2024\/12\/cropped-camping-villey-le-sec-logo-CMJN-1.png\",\"contentUrl\":\"https:\/\/www.campingvilleylesec.fr\/wp-content\/uploads\/2024\/12\/cropped-camping-villey-le-sec-logo-CMJN-1.png\",\"width\":900,\"height\":382,\"caption\":\"Camping de Villey-le-Sec\"},\"image\":{\"@id\":\"https:\/\/www.campingvilleylesec.fr\/de\/#\/schema\/logo\/image\/\"},\"sameAs\":[\"https:\/\/www.facebook.com\/campingVilleyleSec54\",\"https:\/\/www.instagram.com\/campingvilleylesec\/\"]}]}<\/script>\n<!-- \/ Yoast SEO plugin. -->","yoast_head_json":{"title":"Mobilheim Castor - Camping de Villey-le-Sec","description":"Verbringen Sie einen naturnahen Aufenthalt auf dem Campingplatz Villey-le-Sec im Mobilheim Castor f\u00fcr 4 Personen mit Blick auf die Mosel!","robots":{"index":"index","follow":"follow","max-snippet":"max-snippet:-1","max-image-preview":"max-image-preview:large","max-video-preview":"max-video-preview:-1"},"canonical":"https:\/\/www.campingvilleylesec.fr\/de\/location\/mobilheim-castor\/","og_locale":"de_DE","og_type":"article","og_title":"Mobilheim Castor - Camping de Villey-le-Sec","og_description":"Verbringen Sie einen naturnahen Aufenthalt auf dem Campingplatz Villey-le-Sec im Mobilheim Castor f\u00fcr 4 Personen mit Blick auf die Mosel!","og_url":"https:\/\/www.campingvilleylesec.fr\/de\/location\/mobilheim-castor\/","og_site_name":"Camping de Villey-le-Sec","article_publisher":"https:\/\/www.facebook.com\/campingVilleyleSec54","article_modified_time":"2025-04-01T12:26:11+00:00","og_image":[{"width":768,"height":1024,"url":"https:\/\/www.campingvilleylesec.fr\/wp-content\/uploads\/2024\/10\/mobilhome-castor-exterieur.jpg","type":"image\/jpeg"}],"twitter_card":"summary_large_image","twitter_misc":{"Gesch\u00e4tzte Lesezeit":"1\u00a0Minute"},"schema":{"@context":"https:\/\/schema.org","@graph":[{"@type":"WebPage","@id":"https:\/\/www.campingvilleylesec.fr\/de\/location\/mobilheim-castor\/","url":"https:\/\/www.campingvilleylesec.fr\/de\/location\/mobilheim-castor\/","name":"Mobilheim Castor - Camping de Villey-le-Sec","isPartOf":{"@id":"https:\/\/www.campingvilleylesec.fr\/de\/#website"},"primaryImageOfPage":{"@id":"https:\/\/www.campingvilleylesec.fr\/de\/location\/mobilheim-castor\/#primaryimage"},"image":{"@id":"https:\/\/www.campingvilleylesec.fr\/de\/location\/mobilheim-castor\/#primaryimage"},"thumbnailUrl":"https:\/\/www.campingvilleylesec.fr\/wp-content\/uploads\/2024\/10\/mobilhome-castor-exterieur.jpg","datePublished":"2024-10-17T14:54:00+00:00","dateModified":"2025-04-01T12:26:11+00:00","description":"Verbringen Sie einen naturnahen Aufenthalt auf dem Campingplatz Villey-le-Sec im Mobilheim Castor f\u00fcr 4 Personen mit Blick auf die Mosel!","breadcrumb":{"@id":"https:\/\/www.campingvilleylesec.fr\/de\/location\/mobilheim-castor\/#breadcrumb"},"inLanguage":"de","potentialAction":[{"@type":"ReadAction","target":["https:\/\/www.campingvilleylesec.fr\/de\/location\/mobilheim-castor\/"]}]},{"@type":"ImageObject","inLanguage":"de","@id":"https:\/\/www.campingvilleylesec.fr\/de\/location\/mobilheim-castor\/#primaryimage","url":"https:\/\/www.campingvilleylesec.fr\/wp-content\/uploads\/2024\/10\/mobilhome-castor-exterieur.jpg","contentUrl":"https:\/\/www.campingvilleylesec.fr\/wp-content\/uploads\/2024\/10\/mobilhome-castor-exterieur.jpg","width":768,"height":1024,"caption":"Au\u00dfenansicht des Mobilheims Castor auf dem Campingplatz Villey-le-Sec"},{"@type":"BreadcrumbList","@id":"https:\/\/www.campingvilleylesec.fr\/de\/location\/mobilheim-castor\/#breadcrumb","itemListElement":[{"@type":"ListItem","position":1,"name":"Accueil","item":"https:\/\/www.campingvilleylesec.fr\/de\/campingplatz-de-villey-le-sec\/"},{"@type":"ListItem","position":2,"name":"Mobilheim Castor"}]},{"@type":"WebSite","@id":"https:\/\/www.campingvilleylesec.fr\/de\/#website","url":"https:\/\/www.campingvilleylesec.fr\/de\/","name":"Camping de Villey-le-Sec","description":"","publisher":{"@id":"https:\/\/www.campingvilleylesec.fr\/de\/#organization"},"potentialAction":[{"@type":"SearchAction","target":{"@type":"EntryPoint","urlTemplate":"https:\/\/www.campingvilleylesec.fr\/de\/?s={search_term_string}"},"query-input":{"@type":"PropertyValueSpecification","valueRequired":true,"valueName":"search_term_string"}}],"inLanguage":"de"},{"@type":"Organization","@id":"https:\/\/www.campingvilleylesec.fr\/de\/#organization","name":"Camping de Villey-le-Sec","url":"https:\/\/www.campingvilleylesec.fr\/de\/","logo":{"@type":"ImageObject","inLanguage":"de","@id":"https:\/\/www.campingvilleylesec.fr\/de\/#\/schema\/logo\/image\/","url":"https:\/\/www.campingvilleylesec.fr\/wp-content\/uploads\/2024\/12\/cropped-camping-villey-le-sec-logo-CMJN-1.png","contentUrl":"https:\/\/www.campingvilleylesec.fr\/wp-content\/uploads\/2024\/12\/cropped-camping-villey-le-sec-logo-CMJN-1.png","width":900,"height":382,"caption":"Camping de Villey-le-Sec"},"image":{"@id":"https:\/\/www.campingvilleylesec.fr\/de\/#\/schema\/logo\/image\/"},"sameAs":["https:\/\/www.facebook.com\/campingVilleyleSec54","https:\/\/www.instagram.com\/campingvilleylesec\/"]}]}},"_links":{"self":[{"href":"https:\/\/www.campingvilleylesec.fr\/de\/wp-json\/wp\/v2\/location\/6002","targetHints":{"allow":["GET"]}}],"collection":[{"href":"https:\/\/www.campingvilleylesec.fr\/de\/wp-json\/wp\/v2\/location"}],"about":[{"href":"https:\/\/www.campingvilleylesec.fr\/de\/wp-json\/wp\/v2\/types\/location"}],"version-history":[{"count":0,"href":"https:\/\/www.campingvilleylesec.fr\/de\/wp-json\/wp\/v2\/location\/6002\/revisions"}],"wp:featuredmedia":[{"embeddable":true,"href":"https:\/\/www.campingvilleylesec.fr\/de\/wp-json\/wp\/v2\/media\/925"}],"wp:attachment":[{"href":"https:\/\/www.campingvilleylesec.fr\/de\/wp-json\/wp\/v2\/media?parent=6002"}],"wp:term":[{"taxonomy":"categorie-location","embeddable":true,"href":"https:\/\/www.campingvilleylesec.fr\/de\/wp-json\/wp\/v2\/categorie-location?post=6002"},{"taxonomy":"etiquette_location","embeddable":true,"href":"https:\/\/www.campingvilleylesec.fr\/de\/wp-json\/wp\/v2\/etiquette_location?post=6002"}],"curies":[{"name":"wp","href":"https:\/\/api.w.org\/{rel}","templated":true}]}}