{"id":6003,"date":"2024-10-28T12:38:18","date_gmt":"2024-10-28T11:38:18","guid":{"rendered":"https:\/\/cnt-prod-etape-touloise.gibraltaz.com\/location\/stellplatz-1-auto-1-wohnwagen-oder-1-zelt-oder-1-wohnmobil\/"},"modified":"2025-06-14T17:36:37","modified_gmt":"2025-06-14T15:36:37","slug":"stellplatz-1-auto-1-wohnwagen-oder-1-zelt-oder-1-wohnmobil","status":"publish","type":"location","link":"https:\/\/www.campingvilleylesec.fr\/de\/location\/stellplatz-1-auto-1-wohnwagen-oder-1-zelt-oder-1-wohnmobil\/","title":{"rendered":"Stellplatz 1 Auto + 1 Wohnwagen ODER 1 Zelt ODER 1 Wohnmobil"},"content":{"rendered":"\n<h3 class=\"wp-block-heading\">Die Merkmale<\/h3>\n\n<p>Alle Stellpl\u00e4tze haben eine Fl\u00e4che zwischen 80 m2 und 100 m2. Sie sind durch Hecken und B\u00e4ume abgegrenzt. Alle Stellpl\u00e4tze sind f\u00fcr Personen mit eingeschr\u00e4nkter Mobilit\u00e4t zug\u00e4nglich und haben Zugang zu einer behindertengerechten Sanit\u00e4ranlage, um allen Reisenden einen komfortablen Empfang zu gew\u00e4hrleisten.  <\/p>\n\n<h3 class=\"wp-block-heading\">Die Optionen<\/h3>\n\n<p>Haustiere sind gegen einen Aufpreis und unter bestimmten Bedingungen erlaubt. Sie m\u00fcssen an der Leine gehalten werden und einen g\u00fcltigen Impfpass haben. <\/p>\n\n<p>In der nachstehenden Tabelle finden Sie die Kosten f\u00fcr die verschiedenen Optionen, die Sie w\u00e4hlen k\u00f6nnen (Preise 2025). Alle Preise verstehen sich pro Tag, z.B. f\u00fcr eine Woche Wi-Fi 14,00 \u20ac. <\/p>\n\n<figure class=\"wp-block-table is-style-regular has-small-font-size\" style=\"margin-top:16px;margin-bottom:16px\"><table class=\"has-fixed-layout\" style=\"border-width:1px\"><tbody><tr><td>Elektrizit\u00e4t<\/td><td>5.00 \u20ac<\/td><\/tr><tr><td>Zus\u00e4tzliche Person<\/td><td>4.50 \u20ac<\/td><\/tr><tr><td>Kind (2 bis 17 Jahre)<\/td><td>4.00 \u20ac<\/td><\/tr><tr><td>Zus\u00e4tzliches Auto<\/td><td>2.60 \u20ac<\/td><\/tr><tr><td>Zus\u00e4tzliches Zelt<\/td><td>2.70 \u20ac<\/td><\/tr><tr><td>Zus\u00e4tzliches Motorrad<\/td><td>2.00 \u20ac<\/td><\/tr><tr><td>Haustier<\/td><td>2.50 \u20ac<\/td><\/tr><tr><td>Kurtaxe +18 Jahre<\/td><td>0.44 \u20ac<\/td><\/tr><tr><td>Erwachsener Besucher<\/td><td>2.50 \u20ac<\/td><\/tr><tr><td>Besucher Kind<\/td><td>1.50 \u20ac<\/td><\/tr><tr><td>Wi-Fi<\/td><td>2.00 \u20ac<\/td><\/tr><\/tbody><\/table><\/figure>\n\n<p><\/p>\n","protected":false},"featured_media":1450,"template":"","meta":{"_acf_changed":false,"site-sidebar-layout":"default","site-content-layout":"","ast-site-content-layout":"","site-content-style":"default","site-sidebar-style":"default","ast-global-header-display":"","ast-banner-title-visibility":"","ast-main-header-display":"","ast-hfb-above-header-display":"","ast-hfb-below-header-display":"","ast-hfb-mobile-header-display":"","site-post-title":"","ast-breadcrumbs-content":"","ast-featured-img":"","footer-sml-layout":"","ast-disable-related-posts":"","theme-transparent-header-meta":"","adv-header-id-meta":"","stick-header-meta":"","header-above-stick-meta":"","header-main-stick-meta":"","header-below-stick-meta":"","astra-migrate-meta-layouts":"default","ast-page-background-enabled":"default","ast-page-background-meta":{"desktop":{"background-color":"var(--ast-global-color-4)","background-image":"","background-repeat":"repeat","background-position":"center center","background-size":"auto","background-attachment":"scroll","background-type":"","background-media":"","overlay-type":"","overlay-color":"","overlay-opacity":"","overlay-gradient":""},"tablet":{"background-color":"","background-image":"","background-repeat":"repeat","background-position":"center center","background-size":"auto","background-attachment":"scroll","background-type":"","background-media":"","overlay-type":"","overlay-color":"","overlay-opacity":"","overlay-gradient":""},"mobile":{"background-color":"","background-image":"","background-repeat":"repeat","background-position":"center center","background-size":"auto","background-attachment":"scroll","background-type":"","background-media":"","overlay-type":"","overlay-color":"","overlay-opacity":"","overlay-gradient":""}},"ast-content-background-meta":{"desktop":{"background-color":"var(--ast-global-color-5)","background-image":"","background-repeat":"repeat","background-position":"center center","background-size":"auto","background-attachment":"scroll","background-type":"","background-media":"","overlay-type":"","overlay-color":"","overlay-opacity":"","overlay-gradient":""},"tablet":{"background-color":"var(--ast-global-color-5)","background-image":"","background-repeat":"repeat","background-position":"center center","background-size":"auto","background-attachment":"scroll","background-type":"","background-media":"","overlay-type":"","overlay-color":"","overlay-opacity":"","overlay-gradient":""},"mobile":{"background-color":"var(--ast-global-color-5)","background-image":"","background-repeat":"repeat","background-position":"center center","background-size":"auto","background-attachment":"scroll","background-type":"","background-media":"","overlay-type":"","overlay-color":"","overlay-opacity":"","overlay-gradient":""}}},"categorie-location":[70],"etiquette_location":[68],"class_list":["post-6003","location","type-location","status-publish","has-post-thumbnail","hentry","categorie-location-standort","etiquette_location-6-personen"],"acf":[],"yoast_head":"<!-- This site is optimized with the Yoast SEO plugin v26.6 - https:\/\/yoast.com\/wordpress\/plugins\/seo\/ -->\n<title>Stellplatz 1 Auto + 1 Wohnwagen ODER 1 Zelt ODER 1 Wohnmobil - Camping de Villey-le-Sec<\/title>\n<meta name=\"description\" content=\"Kommen Sie mit Ihrem Zelt, Wohnwagen, Wohnmobil oder Van zu Camping de Villey-le-Sec und genie\u00dfen Sie einen ger\u00e4umigen und gut zug\u00e4nglichen Stellplatz.\" \/>\n<meta name=\"robots\" content=\"index, follow, max-snippet:-1, max-image-preview:large, max-video-preview:-1\" \/>\n<link rel=\"canonical\" href=\"https:\/\/www.campingvilleylesec.fr\/de\/location\/stellplatz-1-auto-1-wohnwagen-oder-1-zelt-oder-1-wohnmobil\/\" \/>\n<meta property=\"og:locale\" content=\"de_DE\" \/>\n<meta property=\"og:type\" content=\"article\" \/>\n<meta property=\"og:title\" content=\"Stellplatz 1 Auto + 1 Wohnwagen ODER 1 Zelt ODER 1 Wohnmobil - Camping de Villey-le-Sec\" \/>\n<meta property=\"og:description\" content=\"Kommen Sie mit Ihrem Zelt, Wohnwagen, Wohnmobil oder Van zu Camping de Villey-le-Sec und genie\u00dfen Sie einen ger\u00e4umigen und gut zug\u00e4nglichen Stellplatz.\" \/>\n<meta property=\"og:url\" content=\"https:\/\/www.campingvilleylesec.fr\/de\/location\/stellplatz-1-auto-1-wohnwagen-oder-1-zelt-oder-1-wohnmobil\/\" \/>\n<meta property=\"og:site_name\" content=\"Camping de Villey-le-Sec\" \/>\n<meta property=\"article:publisher\" content=\"https:\/\/www.facebook.com\/campingVilleyleSec54\" \/>\n<meta property=\"article:modified_time\" content=\"2025-06-14T15:36:37+00:00\" \/>\n<meta property=\"og:image\" content=\"https:\/\/www.campingvilleylesec.fr\/wp-content\/uploads\/2024\/10\/caravane-camping-car-camping-villey-le-sec.jpg\" \/>\n\t<meta property=\"og:image:width\" content=\"1024\" \/>\n\t<meta property=\"og:image:height\" content=\"768\" \/>\n\t<meta property=\"og:image:type\" content=\"image\/jpeg\" \/>\n<meta name=\"twitter:card\" content=\"summary_large_image\" \/>\n<meta name=\"twitter:label1\" content=\"Gesch\u00e4tzte Lesezeit\" \/>\n\t<meta name=\"twitter:data1\" content=\"1\u00a0Minute\" \/>\n<script type=\"application\/ld+json\" class=\"yoast-schema-graph\">{\"@context\":\"https:\/\/schema.org\",\"@graph\":[{\"@type\":\"WebPage\",\"@id\":\"https:\/\/www.campingvilleylesec.fr\/de\/location\/stellplatz-1-auto-1-wohnwagen-oder-1-zelt-oder-1-wohnmobil\/\",\"url\":\"https:\/\/www.campingvilleylesec.fr\/de\/location\/stellplatz-1-auto-1-wohnwagen-oder-1-zelt-oder-1-wohnmobil\/\",\"name\":\"Stellplatz 1 Auto + 1 Wohnwagen ODER 1 Zelt ODER 1 Wohnmobil - Camping de Villey-le-Sec\",\"isPartOf\":{\"@id\":\"https:\/\/www.campingvilleylesec.fr\/de\/#website\"},\"primaryImageOfPage\":{\"@id\":\"https:\/\/www.campingvilleylesec.fr\/de\/location\/stellplatz-1-auto-1-wohnwagen-oder-1-zelt-oder-1-wohnmobil\/#primaryimage\"},\"image\":{\"@id\":\"https:\/\/www.campingvilleylesec.fr\/de\/location\/stellplatz-1-auto-1-wohnwagen-oder-1-zelt-oder-1-wohnmobil\/#primaryimage\"},\"thumbnailUrl\":\"https:\/\/www.campingvilleylesec.fr\/wp-content\/uploads\/2024\/10\/caravane-camping-car-camping-villey-le-sec.jpg\",\"datePublished\":\"2024-10-28T11:38:18+00:00\",\"dateModified\":\"2025-06-14T15:36:37+00:00\",\"description\":\"Kommen Sie mit Ihrem Zelt, Wohnwagen, Wohnmobil oder Van zu Camping de Villey-le-Sec und genie\u00dfen Sie einen ger\u00e4umigen und gut zug\u00e4nglichen Stellplatz.\",\"breadcrumb\":{\"@id\":\"https:\/\/www.campingvilleylesec.fr\/de\/location\/stellplatz-1-auto-1-wohnwagen-oder-1-zelt-oder-1-wohnmobil\/#breadcrumb\"},\"inLanguage\":\"de\",\"potentialAction\":[{\"@type\":\"ReadAction\",\"target\":[\"https:\/\/www.campingvilleylesec.fr\/de\/location\/stellplatz-1-auto-1-wohnwagen-oder-1-zelt-oder-1-wohnmobil\/\"]}]},{\"@type\":\"ImageObject\",\"inLanguage\":\"de\",\"@id\":\"https:\/\/www.campingvilleylesec.fr\/de\/location\/stellplatz-1-auto-1-wohnwagen-oder-1-zelt-oder-1-wohnmobil\/#primaryimage\",\"url\":\"https:\/\/www.campingvilleylesec.fr\/wp-content\/uploads\/2024\/10\/caravane-camping-car-camping-villey-le-sec.jpg\",\"contentUrl\":\"https:\/\/www.campingvilleylesec.fr\/wp-content\/uploads\/2024\/10\/caravane-camping-car-camping-villey-le-sec.jpg\",\"width\":1024,\"height\":768,\"caption\":\"emplacements du camping de villey-le-sec avec caravanes et camping-car\"},{\"@type\":\"BreadcrumbList\",\"@id\":\"https:\/\/www.campingvilleylesec.fr\/de\/location\/stellplatz-1-auto-1-wohnwagen-oder-1-zelt-oder-1-wohnmobil\/#breadcrumb\",\"itemListElement\":[{\"@type\":\"ListItem\",\"position\":1,\"name\":\"Accueil\",\"item\":\"https:\/\/www.campingvilleylesec.fr\/de\/campingplatz-de-villey-le-sec\/\"},{\"@type\":\"ListItem\",\"position\":2,\"name\":\"Stellplatz 1 Auto + 1 Wohnwagen ODER 1 Zelt ODER 1 Wohnmobil\"}]},{\"@type\":\"WebSite\",\"@id\":\"https:\/\/www.campingvilleylesec.fr\/de\/#website\",\"url\":\"https:\/\/www.campingvilleylesec.fr\/de\/\",\"name\":\"Camping de Villey-le-Sec\",\"description\":\"\",\"publisher\":{\"@id\":\"https:\/\/www.campingvilleylesec.fr\/de\/#organization\"},\"potentialAction\":[{\"@type\":\"SearchAction\",\"target\":{\"@type\":\"EntryPoint\",\"urlTemplate\":\"https:\/\/www.campingvilleylesec.fr\/de\/?s={search_term_string}\"},\"query-input\":{\"@type\":\"PropertyValueSpecification\",\"valueRequired\":true,\"valueName\":\"search_term_string\"}}],\"inLanguage\":\"de\"},{\"@type\":\"Organization\",\"@id\":\"https:\/\/www.campingvilleylesec.fr\/de\/#organization\",\"name\":\"Camping de Villey-le-Sec\",\"url\":\"https:\/\/www.campingvilleylesec.fr\/de\/\",\"logo\":{\"@type\":\"ImageObject\",\"inLanguage\":\"de\",\"@id\":\"https:\/\/www.campingvilleylesec.fr\/de\/#\/schema\/logo\/image\/\",\"url\":\"https:\/\/www.campingvilleylesec.fr\/wp-content\/uploads\/2024\/12\/cropped-camping-villey-le-sec-logo-CMJN-1.png\",\"contentUrl\":\"https:\/\/www.campingvilleylesec.fr\/wp-content\/uploads\/2024\/12\/cropped-camping-villey-le-sec-logo-CMJN-1.png\",\"width\":900,\"height\":382,\"caption\":\"Camping de Villey-le-Sec\"},\"image\":{\"@id\":\"https:\/\/www.campingvilleylesec.fr\/de\/#\/schema\/logo\/image\/\"},\"sameAs\":[\"https:\/\/www.facebook.com\/campingVilleyleSec54\",\"https:\/\/www.instagram.com\/campingvilleylesec\/\"]}]}<\/script>\n<!-- \/ Yoast SEO plugin. -->","yoast_head_json":{"title":"Stellplatz 1 Auto + 1 Wohnwagen ODER 1 Zelt ODER 1 Wohnmobil - Camping de Villey-le-Sec","description":"Kommen Sie mit Ihrem Zelt, Wohnwagen, Wohnmobil oder Van zu Camping de Villey-le-Sec und genie\u00dfen Sie einen ger\u00e4umigen und gut zug\u00e4nglichen Stellplatz.","robots":{"index":"index","follow":"follow","max-snippet":"max-snippet:-1","max-image-preview":"max-image-preview:large","max-video-preview":"max-video-preview:-1"},"canonical":"https:\/\/www.campingvilleylesec.fr\/de\/location\/stellplatz-1-auto-1-wohnwagen-oder-1-zelt-oder-1-wohnmobil\/","og_locale":"de_DE","og_type":"article","og_title":"Stellplatz 1 Auto + 1 Wohnwagen ODER 1 Zelt ODER 1 Wohnmobil - Camping de Villey-le-Sec","og_description":"Kommen Sie mit Ihrem Zelt, Wohnwagen, Wohnmobil oder Van zu Camping de Villey-le-Sec und genie\u00dfen Sie einen ger\u00e4umigen und gut zug\u00e4nglichen Stellplatz.","og_url":"https:\/\/www.campingvilleylesec.fr\/de\/location\/stellplatz-1-auto-1-wohnwagen-oder-1-zelt-oder-1-wohnmobil\/","og_site_name":"Camping de Villey-le-Sec","article_publisher":"https:\/\/www.facebook.com\/campingVilleyleSec54","article_modified_time":"2025-06-14T15:36:37+00:00","og_image":[{"width":1024,"height":768,"url":"https:\/\/www.campingvilleylesec.fr\/wp-content\/uploads\/2024\/10\/caravane-camping-car-camping-villey-le-sec.jpg","type":"image\/jpeg"}],"twitter_card":"summary_large_image","twitter_misc":{"Gesch\u00e4tzte Lesezeit":"1\u00a0Minute"},"schema":{"@context":"https:\/\/schema.org","@graph":[{"@type":"WebPage","@id":"https:\/\/www.campingvilleylesec.fr\/de\/location\/stellplatz-1-auto-1-wohnwagen-oder-1-zelt-oder-1-wohnmobil\/","url":"https:\/\/www.campingvilleylesec.fr\/de\/location\/stellplatz-1-auto-1-wohnwagen-oder-1-zelt-oder-1-wohnmobil\/","name":"Stellplatz 1 Auto + 1 Wohnwagen ODER 1 Zelt ODER 1 Wohnmobil - Camping de Villey-le-Sec","isPartOf":{"@id":"https:\/\/www.campingvilleylesec.fr\/de\/#website"},"primaryImageOfPage":{"@id":"https:\/\/www.campingvilleylesec.fr\/de\/location\/stellplatz-1-auto-1-wohnwagen-oder-1-zelt-oder-1-wohnmobil\/#primaryimage"},"image":{"@id":"https:\/\/www.campingvilleylesec.fr\/de\/location\/stellplatz-1-auto-1-wohnwagen-oder-1-zelt-oder-1-wohnmobil\/#primaryimage"},"thumbnailUrl":"https:\/\/www.campingvilleylesec.fr\/wp-content\/uploads\/2024\/10\/caravane-camping-car-camping-villey-le-sec.jpg","datePublished":"2024-10-28T11:38:18+00:00","dateModified":"2025-06-14T15:36:37+00:00","description":"Kommen Sie mit Ihrem Zelt, Wohnwagen, Wohnmobil oder Van zu Camping de Villey-le-Sec und genie\u00dfen Sie einen ger\u00e4umigen und gut zug\u00e4nglichen Stellplatz.","breadcrumb":{"@id":"https:\/\/www.campingvilleylesec.fr\/de\/location\/stellplatz-1-auto-1-wohnwagen-oder-1-zelt-oder-1-wohnmobil\/#breadcrumb"},"inLanguage":"de","potentialAction":[{"@type":"ReadAction","target":["https:\/\/www.campingvilleylesec.fr\/de\/location\/stellplatz-1-auto-1-wohnwagen-oder-1-zelt-oder-1-wohnmobil\/"]}]},{"@type":"ImageObject","inLanguage":"de","@id":"https:\/\/www.campingvilleylesec.fr\/de\/location\/stellplatz-1-auto-1-wohnwagen-oder-1-zelt-oder-1-wohnmobil\/#primaryimage","url":"https:\/\/www.campingvilleylesec.fr\/wp-content\/uploads\/2024\/10\/caravane-camping-car-camping-villey-le-sec.jpg","contentUrl":"https:\/\/www.campingvilleylesec.fr\/wp-content\/uploads\/2024\/10\/caravane-camping-car-camping-villey-le-sec.jpg","width":1024,"height":768,"caption":"emplacements du camping de villey-le-sec avec caravanes et camping-car"},{"@type":"BreadcrumbList","@id":"https:\/\/www.campingvilleylesec.fr\/de\/location\/stellplatz-1-auto-1-wohnwagen-oder-1-zelt-oder-1-wohnmobil\/#breadcrumb","itemListElement":[{"@type":"ListItem","position":1,"name":"Accueil","item":"https:\/\/www.campingvilleylesec.fr\/de\/campingplatz-de-villey-le-sec\/"},{"@type":"ListItem","position":2,"name":"Stellplatz 1 Auto + 1 Wohnwagen ODER 1 Zelt ODER 1 Wohnmobil"}]},{"@type":"WebSite","@id":"https:\/\/www.campingvilleylesec.fr\/de\/#website","url":"https:\/\/www.campingvilleylesec.fr\/de\/","name":"Camping de Villey-le-Sec","description":"","publisher":{"@id":"https:\/\/www.campingvilleylesec.fr\/de\/#organization"},"potentialAction":[{"@type":"SearchAction","target":{"@type":"EntryPoint","urlTemplate":"https:\/\/www.campingvilleylesec.fr\/de\/?s={search_term_string}"},"query-input":{"@type":"PropertyValueSpecification","valueRequired":true,"valueName":"search_term_string"}}],"inLanguage":"de"},{"@type":"Organization","@id":"https:\/\/www.campingvilleylesec.fr\/de\/#organization","name":"Camping de Villey-le-Sec","url":"https:\/\/www.campingvilleylesec.fr\/de\/","logo":{"@type":"ImageObject","inLanguage":"de","@id":"https:\/\/www.campingvilleylesec.fr\/de\/#\/schema\/logo\/image\/","url":"https:\/\/www.campingvilleylesec.fr\/wp-content\/uploads\/2024\/12\/cropped-camping-villey-le-sec-logo-CMJN-1.png","contentUrl":"https:\/\/www.campingvilleylesec.fr\/wp-content\/uploads\/2024\/12\/cropped-camping-villey-le-sec-logo-CMJN-1.png","width":900,"height":382,"caption":"Camping de Villey-le-Sec"},"image":{"@id":"https:\/\/www.campingvilleylesec.fr\/de\/#\/schema\/logo\/image\/"},"sameAs":["https:\/\/www.facebook.com\/campingVilleyleSec54","https:\/\/www.instagram.com\/campingvilleylesec\/"]}]}},"_links":{"self":[{"href":"https:\/\/www.campingvilleylesec.fr\/de\/wp-json\/wp\/v2\/location\/6003","targetHints":{"allow":["GET"]}}],"collection":[{"href":"https:\/\/www.campingvilleylesec.fr\/de\/wp-json\/wp\/v2\/location"}],"about":[{"href":"https:\/\/www.campingvilleylesec.fr\/de\/wp-json\/wp\/v2\/types\/location"}],"version-history":[{"count":0,"href":"https:\/\/www.campingvilleylesec.fr\/de\/wp-json\/wp\/v2\/location\/6003\/revisions"}],"wp:featuredmedia":[{"embeddable":true,"href":"https:\/\/www.campingvilleylesec.fr\/de\/wp-json\/wp\/v2\/media\/1450"}],"wp:attachment":[{"href":"https:\/\/www.campingvilleylesec.fr\/de\/wp-json\/wp\/v2\/media?parent=6003"}],"wp:term":[{"taxonomy":"categorie-location","embeddable":true,"href":"https:\/\/www.campingvilleylesec.fr\/de\/wp-json\/wp\/v2\/categorie-location?post=6003"},{"taxonomy":"etiquette_location","embeddable":true,"href":"https:\/\/www.campingvilleylesec.fr\/de\/wp-json\/wp\/v2\/etiquette_location?post=6003"}],"curies":[{"name":"wp","href":"https:\/\/api.w.org\/{rel}","templated":true}]}}