{"id":6007,"date":"2024-10-28T14:24:13","date_gmt":"2024-10-28T13:24:13","guid":{"rendered":"https:\/\/cnt-prod-etape-touloise.gibraltaz.com\/location\/stellplatz-fuer-fahrrad-zelt\/"},"modified":"2025-06-13T15:48:25","modified_gmt":"2025-06-13T13:48:25","slug":"stellplatz-fuer-fahrrad-zelt","status":"publish","type":"location","link":"https:\/\/www.campingvilleylesec.fr\/de\/location\/stellplatz-fuer-fahrrad-zelt\/","title":{"rendered":"Stellplatz f\u00fcr Fahrrad + Zelt"},"content":{"rendered":"\t\t<div data-elementor-type=\"wp-post\" data-elementor-id=\"6007\" class=\"elementor elementor-6007 elementor-1461\" data-elementor-post-type=\"location\">\n\t\t\t\t<div class=\"elementor-element elementor-element-3c9a3a90 e-flex e-con-boxed e-con e-parent\" data-id=\"3c9a3a90\" data-element_type=\"container\">\n\t\t\t\t\t<div class=\"e-con-inner\">\n\t\t\t\t<div class=\"elementor-element elementor-element-244c96bc elementor-widget elementor-widget-text-editor\" data-id=\"244c96bc\" data-element_type=\"widget\" data-widget_type=\"text-editor.default\">\n\t\t\t\t<div class=\"elementor-widget-container\">\n\t\t\t\t\t\t\t\t\t<p><\/p>\n<h3 class=\"wp-block-heading\">Die Merkmale<\/h3>\n<p><\/p>\n<p>Die Fahrradstellpl\u00e4tze sind f\u00fcr maximal zwei Radfahrer mit einem Zelt vorgesehen.<\/p>\n<p><\/p>\n<h3 class=\"wp-block-heading\">Die Optionen<\/h3>\n<p><\/p>\n<p>Haustiere sind gegen einen Aufpreis und unter bestimmten Bedingungen erlaubt. Sie m\u00fcssen an der Leine gehalten werden und einen Impfpass haben. <\/p>\n<p><\/p>\n<p>In der nachstehenden Tabelle finden Sie die Kosten f\u00fcr die verschiedenen Optionen, die Sie w\u00e4hlen k\u00f6nnen (Preise 2025). Alle Preise verstehen sich pro Tag, z.B. f\u00fcr eine Woche Wi-Fi 14,00 \u20ac. <\/p>\n<p><\/p>\n<figure class=\"wp-block-table is-style-regular has-small-font-size\" style=\"margin-top: 16px; margin-bottom: 16px;\">\n<table class=\"has-fixed-layout\" style=\"border-width: 1px;\">\n<tbody>\n<tr>\n<td>Elektrizit\u00e4t<\/td>\n<td>5.00 \u20ac<\/td>\n<\/tr>\n<tr>\n<td>Zus\u00e4tzliche Person<\/td>\n<td>4.50 \u20ac<\/td>\n<\/tr>\n<tr>\n<td>Kind (2 bis 17 Jahre)<\/td>\n<td>4.00 \u20ac<\/td>\n<\/tr>\n<tr>\n<td>Zus\u00e4tzliches Auto<\/td>\n<td>2.60 \u20ac<\/td>\n<\/tr>\n<tr>\n<td>Zus\u00e4tzliches Zelt<\/td>\n<td>2.70 \u20ac<\/td>\n<\/tr>\n<tr>\n<td>Zus\u00e4tzliches Motorrad<\/td>\n<td>2.00 \u20ac<\/td>\n<\/tr>\n<tr>\n<td>Haustier<\/td>\n<td>2.50 \u20ac<\/td>\n<\/tr>\n<tr>\n<td>Kurtaxe +18 Jahre<\/td>\n<td>0.44 \u20ac<\/td>\n<\/tr>\n<tr>\n<td>Erwachsener Besucher<\/td>\n<td>2.50 \u20ac<\/td>\n<\/tr>\n<tr>\n<td>Besucher Kind<\/td>\n<td>1.50 \u20ac<\/td>\n<\/tr>\n<tr>\n<td>Wi-Fi<\/td>\n<td>2.00 \u20ac<\/td>\n<\/tr>\n<\/tbody>\n<\/table>\n<\/figure>\n<p><\/p>\n<p><\/p>\t\t\t\t\t\t\t\t<\/div>\n\t\t\t\t<\/div>\n\t\t\t\t\t<\/div>\n\t\t\t\t<\/div>\n\t\t\t\t<\/div>\n\t\t","protected":false},"featured_media":1465,"template":"","meta":{"_acf_changed":false,"site-sidebar-layout":"default","site-content-layout":"","ast-site-content-layout":"","site-content-style":"default","site-sidebar-style":"default","ast-global-header-display":"","ast-banner-title-visibility":"","ast-main-header-display":"","ast-hfb-above-header-display":"","ast-hfb-below-header-display":"","ast-hfb-mobile-header-display":"","site-post-title":"","ast-breadcrumbs-content":"","ast-featured-img":"","footer-sml-layout":"","ast-disable-related-posts":"","theme-transparent-header-meta":"","adv-header-id-meta":"","stick-header-meta":"","header-above-stick-meta":"","header-main-stick-meta":"","header-below-stick-meta":"","astra-migrate-meta-layouts":"default","ast-page-background-enabled":"default","ast-page-background-meta":{"desktop":{"background-color":"var(--ast-global-color-4)","background-image":"","background-repeat":"repeat","background-position":"center center","background-size":"auto","background-attachment":"scroll","background-type":"","background-media":"","overlay-type":"","overlay-color":"","overlay-opacity":"","overlay-gradient":""},"tablet":{"background-color":"","background-image":"","background-repeat":"repeat","background-position":"center center","background-size":"auto","background-attachment":"scroll","background-type":"","background-media":"","overlay-type":"","overlay-color":"","overlay-opacity":"","overlay-gradient":""},"mobile":{"background-color":"","background-image":"","background-repeat":"repeat","background-position":"center center","background-size":"auto","background-attachment":"scroll","background-type":"","background-media":"","overlay-type":"","overlay-color":"","overlay-opacity":"","overlay-gradient":""}},"ast-content-background-meta":{"desktop":{"background-color":"var(--ast-global-color-5)","background-image":"","background-repeat":"repeat","background-position":"center center","background-size":"auto","background-attachment":"scroll","background-type":"","background-media":"","overlay-type":"","overlay-color":"","overlay-opacity":"","overlay-gradient":""},"tablet":{"background-color":"var(--ast-global-color-5)","background-image":"","background-repeat":"repeat","background-position":"center center","background-size":"auto","background-attachment":"scroll","background-type":"","background-media":"","overlay-type":"","overlay-color":"","overlay-opacity":"","overlay-gradient":""},"mobile":{"background-color":"var(--ast-global-color-5)","background-image":"","background-repeat":"repeat","background-position":"center center","background-size":"auto","background-attachment":"scroll","background-type":"","background-media":"","overlay-type":"","overlay-color":"","overlay-opacity":"","overlay-gradient":""}}},"categorie-location":[70],"etiquette_location":[66],"class_list":["post-6007","location","type-location","status-publish","has-post-thumbnail","hentry","categorie-location-standort","etiquette_location-2-personen"],"acf":[],"yoast_head":"<!-- This site is optimized with the Yoast SEO plugin v26.6 - https:\/\/yoast.com\/wordpress\/plugins\/seo\/ -->\n<title>Stellplatz f\u00fcr Fahrrad + Zelt - Camping de Villey-le-Sec<\/title>\n<meta name=\"description\" content=\"Camping de Villey-le-Sec bietet ein spezielles Angebot f\u00fcr Radfahrer, reservieren Sie Ihren Stellplatz f\u00fcr Fahrrad und Zelt!\" \/>\n<meta name=\"robots\" content=\"index, follow, max-snippet:-1, max-image-preview:large, max-video-preview:-1\" \/>\n<link rel=\"canonical\" href=\"https:\/\/www.campingvilleylesec.fr\/de\/location\/stellplatz-fuer-fahrrad-zelt\/\" \/>\n<meta property=\"og:locale\" content=\"de_DE\" \/>\n<meta property=\"og:type\" content=\"article\" \/>\n<meta property=\"og:title\" content=\"Stellplatz f\u00fcr Fahrrad + Zelt - Camping de Villey-le-Sec\" \/>\n<meta property=\"og:description\" content=\"Camping de Villey-le-Sec bietet ein spezielles Angebot f\u00fcr Radfahrer, reservieren Sie Ihren Stellplatz f\u00fcr Fahrrad und Zelt!\" \/>\n<meta property=\"og:url\" content=\"https:\/\/www.campingvilleylesec.fr\/de\/location\/stellplatz-fuer-fahrrad-zelt\/\" \/>\n<meta property=\"og:site_name\" content=\"Camping de Villey-le-Sec\" \/>\n<meta property=\"article:publisher\" content=\"https:\/\/www.facebook.com\/campingVilleyleSec54\" \/>\n<meta property=\"article:modified_time\" content=\"2025-06-13T13:48:25+00:00\" \/>\n<meta property=\"og:image\" content=\"https:\/\/www.campingvilleylesec.fr\/wp-content\/uploads\/2024\/10\/tente-cycliste-camping-villey.jpg\" \/>\n\t<meta property=\"og:image:width\" content=\"1024\" \/>\n\t<meta property=\"og:image:height\" content=\"683\" \/>\n\t<meta property=\"og:image:type\" content=\"image\/jpeg\" \/>\n<meta name=\"twitter:card\" content=\"summary_large_image\" \/>\n<script type=\"application\/ld+json\" class=\"yoast-schema-graph\">{\"@context\":\"https:\/\/schema.org\",\"@graph\":[{\"@type\":\"WebPage\",\"@id\":\"https:\/\/www.campingvilleylesec.fr\/de\/location\/stellplatz-fuer-fahrrad-zelt\/\",\"url\":\"https:\/\/www.campingvilleylesec.fr\/de\/location\/stellplatz-fuer-fahrrad-zelt\/\",\"name\":\"Stellplatz f\u00fcr Fahrrad + Zelt - Camping de Villey-le-Sec\",\"isPartOf\":{\"@id\":\"https:\/\/www.campingvilleylesec.fr\/de\/#website\"},\"primaryImageOfPage\":{\"@id\":\"https:\/\/www.campingvilleylesec.fr\/de\/location\/stellplatz-fuer-fahrrad-zelt\/#primaryimage\"},\"image\":{\"@id\":\"https:\/\/www.campingvilleylesec.fr\/de\/location\/stellplatz-fuer-fahrrad-zelt\/#primaryimage\"},\"thumbnailUrl\":\"https:\/\/www.campingvilleylesec.fr\/wp-content\/uploads\/2024\/10\/tente-cycliste-camping-villey.jpg\",\"datePublished\":\"2024-10-28T13:24:13+00:00\",\"dateModified\":\"2025-06-13T13:48:25+00:00\",\"description\":\"Camping de Villey-le-Sec bietet ein spezielles Angebot f\u00fcr Radfahrer, reservieren Sie Ihren Stellplatz f\u00fcr Fahrrad und Zelt!\",\"breadcrumb\":{\"@id\":\"https:\/\/www.campingvilleylesec.fr\/de\/location\/stellplatz-fuer-fahrrad-zelt\/#breadcrumb\"},\"inLanguage\":\"de\",\"potentialAction\":[{\"@type\":\"ReadAction\",\"target\":[\"https:\/\/www.campingvilleylesec.fr\/de\/location\/stellplatz-fuer-fahrrad-zelt\/\"]}]},{\"@type\":\"ImageObject\",\"inLanguage\":\"de\",\"@id\":\"https:\/\/www.campingvilleylesec.fr\/de\/location\/stellplatz-fuer-fahrrad-zelt\/#primaryimage\",\"url\":\"https:\/\/www.campingvilleylesec.fr\/wp-content\/uploads\/2024\/10\/tente-cycliste-camping-villey.jpg\",\"contentUrl\":\"https:\/\/www.campingvilleylesec.fr\/wp-content\/uploads\/2024\/10\/tente-cycliste-camping-villey.jpg\",\"width\":1024,\"height\":683,\"caption\":\"emplacement pour tente et v\u00e9los camping villey-le-sec\"},{\"@type\":\"BreadcrumbList\",\"@id\":\"https:\/\/www.campingvilleylesec.fr\/de\/location\/stellplatz-fuer-fahrrad-zelt\/#breadcrumb\",\"itemListElement\":[{\"@type\":\"ListItem\",\"position\":1,\"name\":\"Accueil\",\"item\":\"https:\/\/www.campingvilleylesec.fr\/de\/campingplatz-de-villey-le-sec\/\"},{\"@type\":\"ListItem\",\"position\":2,\"name\":\"Stellplatz f\u00fcr Fahrrad + Zelt\"}]},{\"@type\":\"WebSite\",\"@id\":\"https:\/\/www.campingvilleylesec.fr\/de\/#website\",\"url\":\"https:\/\/www.campingvilleylesec.fr\/de\/\",\"name\":\"Camping de Villey-le-Sec\",\"description\":\"\",\"publisher\":{\"@id\":\"https:\/\/www.campingvilleylesec.fr\/de\/#organization\"},\"potentialAction\":[{\"@type\":\"SearchAction\",\"target\":{\"@type\":\"EntryPoint\",\"urlTemplate\":\"https:\/\/www.campingvilleylesec.fr\/de\/?s={search_term_string}\"},\"query-input\":{\"@type\":\"PropertyValueSpecification\",\"valueRequired\":true,\"valueName\":\"search_term_string\"}}],\"inLanguage\":\"de\"},{\"@type\":\"Organization\",\"@id\":\"https:\/\/www.campingvilleylesec.fr\/de\/#organization\",\"name\":\"Camping de Villey-le-Sec\",\"url\":\"https:\/\/www.campingvilleylesec.fr\/de\/\",\"logo\":{\"@type\":\"ImageObject\",\"inLanguage\":\"de\",\"@id\":\"https:\/\/www.campingvilleylesec.fr\/de\/#\/schema\/logo\/image\/\",\"url\":\"https:\/\/www.campingvilleylesec.fr\/wp-content\/uploads\/2024\/12\/cropped-camping-villey-le-sec-logo-CMJN-1.png\",\"contentUrl\":\"https:\/\/www.campingvilleylesec.fr\/wp-content\/uploads\/2024\/12\/cropped-camping-villey-le-sec-logo-CMJN-1.png\",\"width\":900,\"height\":382,\"caption\":\"Camping de Villey-le-Sec\"},\"image\":{\"@id\":\"https:\/\/www.campingvilleylesec.fr\/de\/#\/schema\/logo\/image\/\"},\"sameAs\":[\"https:\/\/www.facebook.com\/campingVilleyleSec54\",\"https:\/\/www.instagram.com\/campingvilleylesec\/\"]}]}<\/script>\n<!-- \/ Yoast SEO plugin. -->","yoast_head_json":{"title":"Stellplatz f\u00fcr Fahrrad + Zelt - Camping de Villey-le-Sec","description":"Camping de Villey-le-Sec bietet ein spezielles Angebot f\u00fcr Radfahrer, reservieren Sie Ihren Stellplatz f\u00fcr Fahrrad und Zelt!","robots":{"index":"index","follow":"follow","max-snippet":"max-snippet:-1","max-image-preview":"max-image-preview:large","max-video-preview":"max-video-preview:-1"},"canonical":"https:\/\/www.campingvilleylesec.fr\/de\/location\/stellplatz-fuer-fahrrad-zelt\/","og_locale":"de_DE","og_type":"article","og_title":"Stellplatz f\u00fcr Fahrrad + Zelt - Camping de Villey-le-Sec","og_description":"Camping de Villey-le-Sec bietet ein spezielles Angebot f\u00fcr Radfahrer, reservieren Sie Ihren Stellplatz f\u00fcr Fahrrad und Zelt!","og_url":"https:\/\/www.campingvilleylesec.fr\/de\/location\/stellplatz-fuer-fahrrad-zelt\/","og_site_name":"Camping de Villey-le-Sec","article_publisher":"https:\/\/www.facebook.com\/campingVilleyleSec54","article_modified_time":"2025-06-13T13:48:25+00:00","og_image":[{"width":1024,"height":683,"url":"https:\/\/www.campingvilleylesec.fr\/wp-content\/uploads\/2024\/10\/tente-cycliste-camping-villey.jpg","type":"image\/jpeg"}],"twitter_card":"summary_large_image","schema":{"@context":"https:\/\/schema.org","@graph":[{"@type":"WebPage","@id":"https:\/\/www.campingvilleylesec.fr\/de\/location\/stellplatz-fuer-fahrrad-zelt\/","url":"https:\/\/www.campingvilleylesec.fr\/de\/location\/stellplatz-fuer-fahrrad-zelt\/","name":"Stellplatz f\u00fcr Fahrrad + Zelt - Camping de Villey-le-Sec","isPartOf":{"@id":"https:\/\/www.campingvilleylesec.fr\/de\/#website"},"primaryImageOfPage":{"@id":"https:\/\/www.campingvilleylesec.fr\/de\/location\/stellplatz-fuer-fahrrad-zelt\/#primaryimage"},"image":{"@id":"https:\/\/www.campingvilleylesec.fr\/de\/location\/stellplatz-fuer-fahrrad-zelt\/#primaryimage"},"thumbnailUrl":"https:\/\/www.campingvilleylesec.fr\/wp-content\/uploads\/2024\/10\/tente-cycliste-camping-villey.jpg","datePublished":"2024-10-28T13:24:13+00:00","dateModified":"2025-06-13T13:48:25+00:00","description":"Camping de Villey-le-Sec bietet ein spezielles Angebot f\u00fcr Radfahrer, reservieren Sie Ihren Stellplatz f\u00fcr Fahrrad und Zelt!","breadcrumb":{"@id":"https:\/\/www.campingvilleylesec.fr\/de\/location\/stellplatz-fuer-fahrrad-zelt\/#breadcrumb"},"inLanguage":"de","potentialAction":[{"@type":"ReadAction","target":["https:\/\/www.campingvilleylesec.fr\/de\/location\/stellplatz-fuer-fahrrad-zelt\/"]}]},{"@type":"ImageObject","inLanguage":"de","@id":"https:\/\/www.campingvilleylesec.fr\/de\/location\/stellplatz-fuer-fahrrad-zelt\/#primaryimage","url":"https:\/\/www.campingvilleylesec.fr\/wp-content\/uploads\/2024\/10\/tente-cycliste-camping-villey.jpg","contentUrl":"https:\/\/www.campingvilleylesec.fr\/wp-content\/uploads\/2024\/10\/tente-cycliste-camping-villey.jpg","width":1024,"height":683,"caption":"emplacement pour tente et v\u00e9los camping villey-le-sec"},{"@type":"BreadcrumbList","@id":"https:\/\/www.campingvilleylesec.fr\/de\/location\/stellplatz-fuer-fahrrad-zelt\/#breadcrumb","itemListElement":[{"@type":"ListItem","position":1,"name":"Accueil","item":"https:\/\/www.campingvilleylesec.fr\/de\/campingplatz-de-villey-le-sec\/"},{"@type":"ListItem","position":2,"name":"Stellplatz f\u00fcr Fahrrad + Zelt"}]},{"@type":"WebSite","@id":"https:\/\/www.campingvilleylesec.fr\/de\/#website","url":"https:\/\/www.campingvilleylesec.fr\/de\/","name":"Camping de Villey-le-Sec","description":"","publisher":{"@id":"https:\/\/www.campingvilleylesec.fr\/de\/#organization"},"potentialAction":[{"@type":"SearchAction","target":{"@type":"EntryPoint","urlTemplate":"https:\/\/www.campingvilleylesec.fr\/de\/?s={search_term_string}"},"query-input":{"@type":"PropertyValueSpecification","valueRequired":true,"valueName":"search_term_string"}}],"inLanguage":"de"},{"@type":"Organization","@id":"https:\/\/www.campingvilleylesec.fr\/de\/#organization","name":"Camping de Villey-le-Sec","url":"https:\/\/www.campingvilleylesec.fr\/de\/","logo":{"@type":"ImageObject","inLanguage":"de","@id":"https:\/\/www.campingvilleylesec.fr\/de\/#\/schema\/logo\/image\/","url":"https:\/\/www.campingvilleylesec.fr\/wp-content\/uploads\/2024\/12\/cropped-camping-villey-le-sec-logo-CMJN-1.png","contentUrl":"https:\/\/www.campingvilleylesec.fr\/wp-content\/uploads\/2024\/12\/cropped-camping-villey-le-sec-logo-CMJN-1.png","width":900,"height":382,"caption":"Camping de Villey-le-Sec"},"image":{"@id":"https:\/\/www.campingvilleylesec.fr\/de\/#\/schema\/logo\/image\/"},"sameAs":["https:\/\/www.facebook.com\/campingVilleyleSec54","https:\/\/www.instagram.com\/campingvilleylesec\/"]}]}},"_links":{"self":[{"href":"https:\/\/www.campingvilleylesec.fr\/de\/wp-json\/wp\/v2\/location\/6007","targetHints":{"allow":["GET"]}}],"collection":[{"href":"https:\/\/www.campingvilleylesec.fr\/de\/wp-json\/wp\/v2\/location"}],"about":[{"href":"https:\/\/www.campingvilleylesec.fr\/de\/wp-json\/wp\/v2\/types\/location"}],"version-history":[{"count":0,"href":"https:\/\/www.campingvilleylesec.fr\/de\/wp-json\/wp\/v2\/location\/6007\/revisions"}],"wp:featuredmedia":[{"embeddable":true,"href":"https:\/\/www.campingvilleylesec.fr\/de\/wp-json\/wp\/v2\/media\/1465"}],"wp:attachment":[{"href":"https:\/\/www.campingvilleylesec.fr\/de\/wp-json\/wp\/v2\/media?parent=6007"}],"wp:term":[{"taxonomy":"categorie-location","embeddable":true,"href":"https:\/\/www.campingvilleylesec.fr\/de\/wp-json\/wp\/v2\/categorie-location?post=6007"},{"taxonomy":"etiquette_location","embeddable":true,"href":"https:\/\/www.campingvilleylesec.fr\/de\/wp-json\/wp\/v2\/etiquette_location?post=6007"}],"curies":[{"name":"wp","href":"https:\/\/api.w.org\/{rel}","templated":true}]}}