{"id":6010,"date":"2024-10-17T16:57:46","date_gmt":"2024-10-17T14:57:46","guid":{"rendered":"https:\/\/cnt-prod-etape-touloise.gibraltaz.com\/location\/mobilheim-majo\/"},"modified":"2025-04-01T14:26:11","modified_gmt":"2025-04-01T12:26:11","slug":"mobilheim-majo","status":"publish","type":"location","link":"https:\/\/www.campingvilleylesec.fr\/de\/location\/mobilheim-majo\/","title":{"rendered":"Mobilheim Majo"},"content":{"rendered":"\n<h3 class=\"wp-block-heading\">Die Ausstattung<\/h3>\n\n<p>Die K\u00fcche des Majo Mobilheims ist mit Geschirr, T\u00f6pfen und Pfannen, einem K\u00fchlschrank mit Gefrierfach, 4 Gaskochstellen, einer Filterkaffeemaschine und einer Mikrowelle ausgestattet. Es gibt auch einen Backofen und einen Fernseher im Wohnbereich. <\/p>\n\n<p>Das Personal des Campingplatzes stellt Ihnen ein Begr\u00fc\u00dfungspaket zur Verf\u00fcgung, das eine Portion Geschirrsp\u00fclmittel, eine Portion Haushaltsreiniger, einen Schwamm, einen M\u00fcllbeutel und eine Rolle Toilettenpapier enth\u00e4lt.<\/p>\n\n<h3 class=\"wp-block-heading\">Au\u00dfengestaltung<\/h3>\n\n<p>Ihr Fahrzeug k\u00f6nnen Sie neben diesem Mobilheim auf einem reservierten Parkplatz abstellen. Der Standcaravan Majo verf\u00fcgt au\u00dferdem \u00fcber eine Terrasse mit Gartenm\u00f6beln. <\/p>\n\n<h3 class=\"wp-block-heading\">Die anderen +<\/h3>\n\n<p>Sie k\u00f6nnen die Heizung in diesem Mobilheim einschalten, wenn es k\u00fchl wird.<\/p>\n\n<p>Jedes Mobilheim verf\u00fcgt \u00fcber ein Duschbad (Badematte vorhanden) und ein separates WC.<\/p>\n\n<p>Die Betten sind mit Kopfkissen, Bettdecken und zus\u00e4tzlichen Decken ausgestattet. Wir k\u00fcmmern uns darum, dass Ihre Betten vor Ihrer Ankunft gemacht werden, daher ist es wichtig, dass Sie bei Ihrer Buchung alle Informationen angeben. <\/p>\n\n<p>Hunde sind im Mobilheim Majo erlaubt, mit Ausnahme von Hunden der ersten und zweiten Kategorie. Ihre vierbeinigen Freunde, die einen Impfausweis vorlegen k\u00f6nnen, k\u00f6nnen Ihren Urlaub mit Ihnen genie\u00dfen, bis zu einem Hund pro Mietunterkunft. <\/p>\n\n<p><\/p>\n","protected":false},"featured_media":873,"template":"","meta":{"_acf_changed":false,"site-sidebar-layout":"default","site-content-layout":"","ast-site-content-layout":"","site-content-style":"default","site-sidebar-style":"default","ast-global-header-display":"","ast-banner-title-visibility":"","ast-main-header-display":"","ast-hfb-above-header-display":"","ast-hfb-below-header-display":"","ast-hfb-mobile-header-display":"","site-post-title":"","ast-breadcrumbs-content":"","ast-featured-img":"","footer-sml-layout":"","ast-disable-related-posts":"","theme-transparent-header-meta":"","adv-header-id-meta":"","stick-header-meta":"","header-above-stick-meta":"","header-main-stick-meta":"","header-below-stick-meta":"","astra-migrate-meta-layouts":"default","ast-page-background-enabled":"default","ast-page-background-meta":{"desktop":{"background-color":"var(--ast-global-color-4)","background-image":"","background-repeat":"repeat","background-position":"center center","background-size":"auto","background-attachment":"scroll","background-type":"","background-media":"","overlay-type":"","overlay-color":"","overlay-opacity":"","overlay-gradient":""},"tablet":{"background-color":"","background-image":"","background-repeat":"repeat","background-position":"center center","background-size":"auto","background-attachment":"scroll","background-type":"","background-media":"","overlay-type":"","overlay-color":"","overlay-opacity":"","overlay-gradient":""},"mobile":{"background-color":"","background-image":"","background-repeat":"repeat","background-position":"center center","background-size":"auto","background-attachment":"scroll","background-type":"","background-media":"","overlay-type":"","overlay-color":"","overlay-opacity":"","overlay-gradient":""}},"ast-content-background-meta":{"desktop":{"background-color":"var(--ast-global-color-5)","background-image":"","background-repeat":"repeat","background-position":"center center","background-size":"auto","background-attachment":"scroll","background-type":"","background-media":"","overlay-type":"","overlay-color":"","overlay-opacity":"","overlay-gradient":""},"tablet":{"background-color":"var(--ast-global-color-5)","background-image":"","background-repeat":"repeat","background-position":"center center","background-size":"auto","background-attachment":"scroll","background-type":"","background-media":"","overlay-type":"","overlay-color":"","overlay-opacity":"","overlay-gradient":""},"mobile":{"background-color":"var(--ast-global-color-5)","background-image":"","background-repeat":"repeat","background-position":"center center","background-size":"auto","background-attachment":"scroll","background-type":"","background-media":"","overlay-type":"","overlay-color":"","overlay-opacity":"","overlay-gradient":""}}},"categorie-location":[67],"etiquette_location":[69],"class_list":["post-6010","location","type-location","status-publish","has-post-thumbnail","hentry","categorie-location-mobilheim","etiquette_location-4-personen"],"acf":[],"yoast_head":"<!-- This site is optimized with the Yoast SEO plugin v26.6 - https:\/\/yoast.com\/wordpress\/plugins\/seo\/ -->\n<title>Mobilheim Majo - Camping de Villey-le-Sec<\/title>\n<meta name=\"description\" content=\"Verbringen Sie einen Aufenthalt inmitten der Natur auf dem Campingplatz Villey-le-Sec in einem Mobilheim Majo f\u00fcr 4 Personen!\" \/>\n<meta name=\"robots\" content=\"index, follow, max-snippet:-1, max-image-preview:large, max-video-preview:-1\" \/>\n<link rel=\"canonical\" href=\"https:\/\/www.campingvilleylesec.fr\/de\/location\/mobilheim-majo\/\" \/>\n<meta property=\"og:locale\" content=\"de_DE\" \/>\n<meta property=\"og:type\" content=\"article\" \/>\n<meta property=\"og:title\" content=\"Mobilheim Majo - Camping de Villey-le-Sec\" \/>\n<meta property=\"og:description\" content=\"Verbringen Sie einen Aufenthalt inmitten der Natur auf dem Campingplatz Villey-le-Sec in einem Mobilheim Majo f\u00fcr 4 Personen!\" \/>\n<meta property=\"og:url\" content=\"https:\/\/www.campingvilleylesec.fr\/de\/location\/mobilheim-majo\/\" \/>\n<meta property=\"og:site_name\" content=\"Camping de Villey-le-Sec\" \/>\n<meta property=\"article:publisher\" content=\"https:\/\/www.facebook.com\/campingVilleyleSec54\" \/>\n<meta property=\"article:modified_time\" content=\"2025-04-01T12:26:11+00:00\" \/>\n<meta property=\"og:image\" content=\"https:\/\/www.campingvilleylesec.fr\/wp-content\/uploads\/2024\/10\/exterieur-mobilhome-majo.jpg\" \/>\n\t<meta property=\"og:image:width\" content=\"1024\" \/>\n\t<meta property=\"og:image:height\" content=\"768\" \/>\n\t<meta property=\"og:image:type\" content=\"image\/jpeg\" \/>\n<meta name=\"twitter:card\" content=\"summary_large_image\" \/>\n<meta name=\"twitter:label1\" content=\"Gesch\u00e4tzte Lesezeit\" \/>\n\t<meta name=\"twitter:data1\" content=\"1\u00a0Minute\" \/>\n<script type=\"application\/ld+json\" class=\"yoast-schema-graph\">{\"@context\":\"https:\/\/schema.org\",\"@graph\":[{\"@type\":\"WebPage\",\"@id\":\"https:\/\/www.campingvilleylesec.fr\/de\/location\/mobilheim-majo\/\",\"url\":\"https:\/\/www.campingvilleylesec.fr\/de\/location\/mobilheim-majo\/\",\"name\":\"Mobilheim Majo - Camping de Villey-le-Sec\",\"isPartOf\":{\"@id\":\"https:\/\/www.campingvilleylesec.fr\/de\/#website\"},\"primaryImageOfPage\":{\"@id\":\"https:\/\/www.campingvilleylesec.fr\/de\/location\/mobilheim-majo\/#primaryimage\"},\"image\":{\"@id\":\"https:\/\/www.campingvilleylesec.fr\/de\/location\/mobilheim-majo\/#primaryimage\"},\"thumbnailUrl\":\"https:\/\/www.campingvilleylesec.fr\/wp-content\/uploads\/2024\/10\/exterieur-mobilhome-majo.jpg\",\"datePublished\":\"2024-10-17T14:57:46+00:00\",\"dateModified\":\"2025-04-01T12:26:11+00:00\",\"description\":\"Verbringen Sie einen Aufenthalt inmitten der Natur auf dem Campingplatz Villey-le-Sec in einem Mobilheim Majo f\u00fcr 4 Personen!\",\"breadcrumb\":{\"@id\":\"https:\/\/www.campingvilleylesec.fr\/de\/location\/mobilheim-majo\/#breadcrumb\"},\"inLanguage\":\"de\",\"potentialAction\":[{\"@type\":\"ReadAction\",\"target\":[\"https:\/\/www.campingvilleylesec.fr\/de\/location\/mobilheim-majo\/\"]}]},{\"@type\":\"ImageObject\",\"inLanguage\":\"de\",\"@id\":\"https:\/\/www.campingvilleylesec.fr\/de\/location\/mobilheim-majo\/#primaryimage\",\"url\":\"https:\/\/www.campingvilleylesec.fr\/wp-content\/uploads\/2024\/10\/exterieur-mobilhome-majo.jpg\",\"contentUrl\":\"https:\/\/www.campingvilleylesec.fr\/wp-content\/uploads\/2024\/10\/exterieur-mobilhome-majo.jpg\",\"width\":1024,\"height\":768,\"caption\":\"Au\u00dfenseite des Mobilheims Majo\"},{\"@type\":\"BreadcrumbList\",\"@id\":\"https:\/\/www.campingvilleylesec.fr\/de\/location\/mobilheim-majo\/#breadcrumb\",\"itemListElement\":[{\"@type\":\"ListItem\",\"position\":1,\"name\":\"Accueil\",\"item\":\"https:\/\/www.campingvilleylesec.fr\/de\/campingplatz-de-villey-le-sec\/\"},{\"@type\":\"ListItem\",\"position\":2,\"name\":\"Mobilheim Majo\"}]},{\"@type\":\"WebSite\",\"@id\":\"https:\/\/www.campingvilleylesec.fr\/de\/#website\",\"url\":\"https:\/\/www.campingvilleylesec.fr\/de\/\",\"name\":\"Camping de Villey-le-Sec\",\"description\":\"\",\"publisher\":{\"@id\":\"https:\/\/www.campingvilleylesec.fr\/de\/#organization\"},\"potentialAction\":[{\"@type\":\"SearchAction\",\"target\":{\"@type\":\"EntryPoint\",\"urlTemplate\":\"https:\/\/www.campingvilleylesec.fr\/de\/?s={search_term_string}\"},\"query-input\":{\"@type\":\"PropertyValueSpecification\",\"valueRequired\":true,\"valueName\":\"search_term_string\"}}],\"inLanguage\":\"de\"},{\"@type\":\"Organization\",\"@id\":\"https:\/\/www.campingvilleylesec.fr\/de\/#organization\",\"name\":\"Camping de Villey-le-Sec\",\"url\":\"https:\/\/www.campingvilleylesec.fr\/de\/\",\"logo\":{\"@type\":\"ImageObject\",\"inLanguage\":\"de\",\"@id\":\"https:\/\/www.campingvilleylesec.fr\/de\/#\/schema\/logo\/image\/\",\"url\":\"https:\/\/www.campingvilleylesec.fr\/wp-content\/uploads\/2024\/12\/cropped-camping-villey-le-sec-logo-CMJN-1.png\",\"contentUrl\":\"https:\/\/www.campingvilleylesec.fr\/wp-content\/uploads\/2024\/12\/cropped-camping-villey-le-sec-logo-CMJN-1.png\",\"width\":900,\"height\":382,\"caption\":\"Camping de Villey-le-Sec\"},\"image\":{\"@id\":\"https:\/\/www.campingvilleylesec.fr\/de\/#\/schema\/logo\/image\/\"},\"sameAs\":[\"https:\/\/www.facebook.com\/campingVilleyleSec54\",\"https:\/\/www.instagram.com\/campingvilleylesec\/\"]}]}<\/script>\n<!-- \/ Yoast SEO plugin. -->","yoast_head_json":{"title":"Mobilheim Majo - Camping de Villey-le-Sec","description":"Verbringen Sie einen Aufenthalt inmitten der Natur auf dem Campingplatz Villey-le-Sec in einem Mobilheim Majo f\u00fcr 4 Personen!","robots":{"index":"index","follow":"follow","max-snippet":"max-snippet:-1","max-image-preview":"max-image-preview:large","max-video-preview":"max-video-preview:-1"},"canonical":"https:\/\/www.campingvilleylesec.fr\/de\/location\/mobilheim-majo\/","og_locale":"de_DE","og_type":"article","og_title":"Mobilheim Majo - Camping de Villey-le-Sec","og_description":"Verbringen Sie einen Aufenthalt inmitten der Natur auf dem Campingplatz Villey-le-Sec in einem Mobilheim Majo f\u00fcr 4 Personen!","og_url":"https:\/\/www.campingvilleylesec.fr\/de\/location\/mobilheim-majo\/","og_site_name":"Camping de Villey-le-Sec","article_publisher":"https:\/\/www.facebook.com\/campingVilleyleSec54","article_modified_time":"2025-04-01T12:26:11+00:00","og_image":[{"width":1024,"height":768,"url":"https:\/\/www.campingvilleylesec.fr\/wp-content\/uploads\/2024\/10\/exterieur-mobilhome-majo.jpg","type":"image\/jpeg"}],"twitter_card":"summary_large_image","twitter_misc":{"Gesch\u00e4tzte Lesezeit":"1\u00a0Minute"},"schema":{"@context":"https:\/\/schema.org","@graph":[{"@type":"WebPage","@id":"https:\/\/www.campingvilleylesec.fr\/de\/location\/mobilheim-majo\/","url":"https:\/\/www.campingvilleylesec.fr\/de\/location\/mobilheim-majo\/","name":"Mobilheim Majo - Camping de Villey-le-Sec","isPartOf":{"@id":"https:\/\/www.campingvilleylesec.fr\/de\/#website"},"primaryImageOfPage":{"@id":"https:\/\/www.campingvilleylesec.fr\/de\/location\/mobilheim-majo\/#primaryimage"},"image":{"@id":"https:\/\/www.campingvilleylesec.fr\/de\/location\/mobilheim-majo\/#primaryimage"},"thumbnailUrl":"https:\/\/www.campingvilleylesec.fr\/wp-content\/uploads\/2024\/10\/exterieur-mobilhome-majo.jpg","datePublished":"2024-10-17T14:57:46+00:00","dateModified":"2025-04-01T12:26:11+00:00","description":"Verbringen Sie einen Aufenthalt inmitten der Natur auf dem Campingplatz Villey-le-Sec in einem Mobilheim Majo f\u00fcr 4 Personen!","breadcrumb":{"@id":"https:\/\/www.campingvilleylesec.fr\/de\/location\/mobilheim-majo\/#breadcrumb"},"inLanguage":"de","potentialAction":[{"@type":"ReadAction","target":["https:\/\/www.campingvilleylesec.fr\/de\/location\/mobilheim-majo\/"]}]},{"@type":"ImageObject","inLanguage":"de","@id":"https:\/\/www.campingvilleylesec.fr\/de\/location\/mobilheim-majo\/#primaryimage","url":"https:\/\/www.campingvilleylesec.fr\/wp-content\/uploads\/2024\/10\/exterieur-mobilhome-majo.jpg","contentUrl":"https:\/\/www.campingvilleylesec.fr\/wp-content\/uploads\/2024\/10\/exterieur-mobilhome-majo.jpg","width":1024,"height":768,"caption":"Au\u00dfenseite des Mobilheims Majo"},{"@type":"BreadcrumbList","@id":"https:\/\/www.campingvilleylesec.fr\/de\/location\/mobilheim-majo\/#breadcrumb","itemListElement":[{"@type":"ListItem","position":1,"name":"Accueil","item":"https:\/\/www.campingvilleylesec.fr\/de\/campingplatz-de-villey-le-sec\/"},{"@type":"ListItem","position":2,"name":"Mobilheim Majo"}]},{"@type":"WebSite","@id":"https:\/\/www.campingvilleylesec.fr\/de\/#website","url":"https:\/\/www.campingvilleylesec.fr\/de\/","name":"Camping de Villey-le-Sec","description":"","publisher":{"@id":"https:\/\/www.campingvilleylesec.fr\/de\/#organization"},"potentialAction":[{"@type":"SearchAction","target":{"@type":"EntryPoint","urlTemplate":"https:\/\/www.campingvilleylesec.fr\/de\/?s={search_term_string}"},"query-input":{"@type":"PropertyValueSpecification","valueRequired":true,"valueName":"search_term_string"}}],"inLanguage":"de"},{"@type":"Organization","@id":"https:\/\/www.campingvilleylesec.fr\/de\/#organization","name":"Camping de Villey-le-Sec","url":"https:\/\/www.campingvilleylesec.fr\/de\/","logo":{"@type":"ImageObject","inLanguage":"de","@id":"https:\/\/www.campingvilleylesec.fr\/de\/#\/schema\/logo\/image\/","url":"https:\/\/www.campingvilleylesec.fr\/wp-content\/uploads\/2024\/12\/cropped-camping-villey-le-sec-logo-CMJN-1.png","contentUrl":"https:\/\/www.campingvilleylesec.fr\/wp-content\/uploads\/2024\/12\/cropped-camping-villey-le-sec-logo-CMJN-1.png","width":900,"height":382,"caption":"Camping de Villey-le-Sec"},"image":{"@id":"https:\/\/www.campingvilleylesec.fr\/de\/#\/schema\/logo\/image\/"},"sameAs":["https:\/\/www.facebook.com\/campingVilleyleSec54","https:\/\/www.instagram.com\/campingvilleylesec\/"]}]}},"_links":{"self":[{"href":"https:\/\/www.campingvilleylesec.fr\/de\/wp-json\/wp\/v2\/location\/6010","targetHints":{"allow":["GET"]}}],"collection":[{"href":"https:\/\/www.campingvilleylesec.fr\/de\/wp-json\/wp\/v2\/location"}],"about":[{"href":"https:\/\/www.campingvilleylesec.fr\/de\/wp-json\/wp\/v2\/types\/location"}],"version-history":[{"count":0,"href":"https:\/\/www.campingvilleylesec.fr\/de\/wp-json\/wp\/v2\/location\/6010\/revisions"}],"wp:featuredmedia":[{"embeddable":true,"href":"https:\/\/www.campingvilleylesec.fr\/de\/wp-json\/wp\/v2\/media\/873"}],"wp:attachment":[{"href":"https:\/\/www.campingvilleylesec.fr\/de\/wp-json\/wp\/v2\/media?parent=6010"}],"wp:term":[{"taxonomy":"categorie-location","embeddable":true,"href":"https:\/\/www.campingvilleylesec.fr\/de\/wp-json\/wp\/v2\/categorie-location?post=6010"},{"taxonomy":"etiquette_location","embeddable":true,"href":"https:\/\/www.campingvilleylesec.fr\/de\/wp-json\/wp\/v2\/etiquette_location?post=6010"}],"curies":[{"name":"wp","href":"https:\/\/api.w.org\/{rel}","templated":true}]}}