{"id":5546,"date":"2024-10-29T15:05:18","date_gmt":"2024-10-29T14:05:18","guid":{"rendered":"https:\/\/cnt-prod-etape-touloise.gibraltaz.com\/presentation-of-camping-de-villey-le-sec\/"},"modified":"2025-06-05T17:55:56","modified_gmt":"2025-06-05T15:55:56","slug":"presentation-of-camping-de-villey-le-sec","status":"publish","type":"page","link":"https:\/\/www.campingvilleylesec.fr\/en\/presentation-of-camping-de-villey-le-sec\/","title":{"rendered":"Presentation of Camping de Villey-le-Sec"},"content":{"rendered":"\t\t<div data-elementor-type=\"wp-page\" data-elementor-id=\"5546\" class=\"elementor elementor-5546 elementor-1781\" data-elementor-post-type=\"page\">\n\t\t\t\t<div class=\"elementor-element elementor-element-84a80e5 e-con-full e-flex e-con e-parent\" data-id=\"84a80e5\" data-element_type=\"container\">\n\t\t\t\t<div class=\"elementor-element elementor-element-1ea3c17 elementor-widget elementor-widget-template\" data-id=\"1ea3c17\" data-element_type=\"widget\" data-widget_type=\"template.default\">\n\t\t\t\t<div class=\"elementor-widget-container\">\n\t\t\t\t\t\t\t<div class=\"elementor-template\">\n\t\t\t\t\t<div data-elementor-type=\"container\" data-elementor-id=\"5677\" class=\"elementor elementor-5677 elementor-1002\" data-elementor-post-type=\"elementor_library\">\n\t\t\t\t<div class=\"elementor-element elementor-element-16011f8 e-flex e-con-boxed e-con e-parent\" data-id=\"16011f8\" data-element_type=\"container\">\n\t\t\t\t\t<div class=\"e-con-inner\">\n\t\t\t\t<div class=\"elementor-element elementor-element-1a780c8 elementor-widget elementor-widget-breadcrumbs\" data-id=\"1a780c8\" data-element_type=\"widget\" data-widget_type=\"breadcrumbs.default\">\n\t\t\t\t<div class=\"elementor-widget-container\">\n\t\t\t\t\t<p id=\"breadcrumbs\"><span><span><a href=\"https:\/\/www.campingvilleylesec.fr\/en\/camping-de-villey-le-sec\/\">Accueil<\/a><\/span><\/span><\/p>\t\t\t\t<\/div>\n\t\t\t\t<\/div>\n\t\t\t\t<div class=\"elementor-element elementor-element-2116a51 elementor-widget__width-initial elementor-widget-tablet__width-inherit elementor-widget elementor-widget-text-editor\" data-id=\"2116a51\" data-element_type=\"widget\" data-widget_type=\"text-editor.default\">\n\t\t\t\t<div class=\"elementor-widget-container\">\n\t\t\t\t\t\t\t\t\tIn the heart of nature, a few kilometers from Nancy, Toul and the A31 motorway (Exit 15), Camping de Villey-le-Sec is the ideal place for a relaxing stopover, a relaxing stay or to discover the main points of interest in Toul and the Grand-Est region.\t\t\t\t\t\t\t\t<\/div>\n\t\t\t\t<\/div>\n\t\t\t\t\t<\/div>\n\t\t\t\t<\/div>\n\t\t\t\t<\/div>\n\t\t\t\t<\/div>\n\t\t\t\t\t\t<\/div>\n\t\t\t\t<\/div>\n\t\t\t\t<\/div>\n\t\t<div class=\"elementor-element elementor-element-d223d32 e-flex e-con-boxed e-con e-parent\" data-id=\"d223d32\" data-element_type=\"container\">\n\t\t\t\t\t<div class=\"e-con-inner\">\n\t\t\t\t<div class=\"elementor-element elementor-element-3b8ccc8 elementor-widget elementor-widget-html\" data-id=\"3b8ccc8\" data-element_type=\"widget\" data-widget_type=\"html.default\">\n\t\t\t\t<div class=\"elementor-widget-container\">\n\t\t\t\t\t<ctv-searchbar data-popover-placement=\"auto\"><\/ctv-searchbar>\t\t\t\t<\/div>\n\t\t\t\t<\/div>\n\t\t\t\t\t<\/div>\n\t\t\t\t<\/div>\n\t\t<section class=\"elementor-element elementor-element-00ba0cf e-grid e-con-boxed e-con e-parent\" data-id=\"00ba0cf\" data-element_type=\"container\">\n\t\t\t\t\t<div class=\"e-con-inner\">\n\t\t<div class=\"elementor-element elementor-element-c45f5cb e-con-full e-flex e-con e-child\" data-id=\"c45f5cb\" data-element_type=\"container\">\n\t\t\t\t<div class=\"elementor-element elementor-element-1b568fa elementor-widget elementor-widget-heading\" data-id=\"1b568fa\" data-element_type=\"widget\" data-widget_type=\"heading.default\">\n\t\t\t\t<div class=\"elementor-widget-container\">\n\t\t\t\t\t<h2 class=\"elementor-heading-title elementor-size-default\">An independent, family-run campsite<\/h2>\t\t\t\t<\/div>\n\t\t\t\t<\/div>\n\t\t\t\t<div class=\"elementor-element elementor-element-2614af1 elementor-widget elementor-widget-text-editor\" data-id=\"2614af1\" data-element_type=\"widget\" data-widget_type=\"text-editor.default\">\n\t\t\t\t<div class=\"elementor-widget-container\">\n\t\t\t\t\t\t\t\t\t<p><strong>At Camping de Villey-le-Sec, hospitality is above all a family affair and a passion!<\/strong><\/p><p>Local residents, <strong>Denis and Didier<\/strong>, along with their family, took over this campsite in 2020 with a clear ambition: <strong>to offer an authentic experience, far from the standards of large chains<\/strong>.<\/p><p>At Camping de Villey-le-Sec, everything is designed to make you feel at home: <strong>friendliness, simplicity, proximity and a sense of service<\/strong> are at the heart of the approach.<\/p><p>As an <strong>independent campsite on a human scale<\/strong>, the team cultivates a warm and family spirit, listening to each camper, so that your stay is a true interlude of relaxation and sharing.<\/p>\t\t\t\t\t\t\t\t<\/div>\n\t\t\t\t<\/div>\n\t\t\t\t<div class=\"elementor-element elementor-element-b89fb6b elementor-widget elementor-widget-text-editor\" data-id=\"b89fb6b\" data-element_type=\"widget\" data-widget_type=\"text-editor.default\">\n\t\t\t\t<div class=\"elementor-widget-container\">\n\t\t\t\t\t\t\t\t\t<p>Join us at Camping de Villey-le-Sec!<\/p>\t\t\t\t\t\t\t\t<\/div>\n\t\t\t\t<\/div>\n\t\t\t\t<\/div>\n\t\t<div class=\"elementor-element elementor-element-bb53deb e-con-full e-flex e-con e-child\" data-id=\"bb53deb\" data-element_type=\"container\">\n\t\t<div class=\"elementor-element elementor-element-ba29567 e-con-full e-flex e-con e-child\" data-id=\"ba29567\" data-element_type=\"container\">\n\t\t\t\t<div class=\"elementor-element elementor-element-1bbe107 elementor-widget-mobile__width-inherit animated-slow elementor-invisible elementor-widget elementor-widget-image\" data-id=\"1bbe107\" data-element_type=\"widget\" data-settings=\"{&quot;_animation&quot;:&quot;fadeInRight&quot;}\" data-widget_type=\"image.default\">\n\t\t\t\t<div class=\"elementor-widget-container\">\n\t\t\t\t\t\t\t\t\t\t\t\t<figure class=\"wp-caption\">\n\t\t\t\t\t\t\t\t\t\t<img fetchpriority=\"high\" decoding=\"async\" width=\"768\" height=\"576\" src=\"https:\/\/www.campingvilleylesec.fr\/wp-content\/uploads\/2025\/06\/Photo-equipe-2025-1.jpg\" class=\"attachment-medium_large size-medium_large wp-image-6651\" alt=\"\" srcset=\"https:\/\/www.campingvilleylesec.fr\/wp-content\/uploads\/2025\/06\/Photo-equipe-2025-1.jpg 768w, https:\/\/www.campingvilleylesec.fr\/wp-content\/uploads\/2025\/06\/Photo-equipe-2025-1-300x225.jpg 300w\" sizes=\"(max-width: 768px) 100vw, 768px\" \/>\t\t\t\t\t\t\t\t\t\t\t<figcaption class=\"widget-image-caption wp-caption-text\"><\/figcaption>\n\t\t\t\t\t\t\t\t\t\t<\/figure>\n\t\t\t\t\t\t\t\t\t<\/div>\n\t\t\t\t<\/div>\n\t\t\t\t<\/div>\n\t\t\t\t<\/div>\n\t\t\t\t\t<\/div>\n\t\t\t\t<\/section>\n\t\t<section class=\"elementor-element elementor-element-d9172cc e-flex e-con-boxed e-con e-parent\" data-id=\"d9172cc\" data-element_type=\"container\" data-settings=\"{&quot;background_background&quot;:&quot;classic&quot;,&quot;shape_divider_top&quot;:&quot;waves&quot;,&quot;shape_divider_top_negative&quot;:&quot;yes&quot;,&quot;shape_divider_bottom&quot;:&quot;waves&quot;}\">\n\t\t\t\t\t<div class=\"e-con-inner\">\n\t\t\t\t<div class=\"elementor-shape elementor-shape-top\" aria-hidden=\"true\" data-negative=\"true\">\n\t\t\t<svg xmlns=\"http:\/\/www.w3.org\/2000\/svg\" viewBox=\"0 0 1000 100\" preserveAspectRatio=\"none\">\n\t<path class=\"elementor-shape-fill\" d=\"M790.5,93.1c-59.3-5.3-116.8-18-192.6-50c-29.6-12.7-76.9-31-100.5-35.9c-23.6-4.9-52.6-7.8-75.5-5.3\n\tc-10.2,1.1-22.6,1.4-50.1,7.4c-27.2,6.3-58.2,16.6-79.4,24.7c-41.3,15.9-94.9,21.9-134,22.6C72,58.2,0,25.8,0,25.8V100h1000V65.3\n\tc0,0-51.5,19.4-106.2,25.7C839.5,97,814.1,95.2,790.5,93.1z\"\/>\n<\/svg>\t\t<\/div>\n\t\t\t\t<div class=\"elementor-shape elementor-shape-bottom\" aria-hidden=\"true\" data-negative=\"false\">\n\t\t\t<svg xmlns=\"http:\/\/www.w3.org\/2000\/svg\" viewBox=\"0 0 1000 100\" preserveAspectRatio=\"none\">\n\t<path class=\"elementor-shape-fill\" d=\"M421.9,6.5c22.6-2.5,51.5,0.4,75.5,5.3c23.6,4.9,70.9,23.5,100.5,35.7c75.8,32.2,133.7,44.5,192.6,49.7\n\tc23.6,2.1,48.7,3.5,103.4-2.5c54.7-6,106.2-25.6,106.2-25.6V0H0v30.3c0,0,72,32.6,158.4,30.5c39.2-0.7,92.8-6.7,134-22.4\n\tc21.2-8.1,52.2-18.2,79.7-24.2C399.3,7.9,411.6,7.5,421.9,6.5z\"\/>\n<\/svg>\t\t<\/div>\n\t\t<div class=\"elementor-element elementor-element-3e8093d e-con-full e-flex e-con e-child\" data-id=\"3e8093d\" data-element_type=\"container\">\n\t\t\t\t<div class=\"elementor-element elementor-element-c425c96 elementor-widget__width-initial e-transform elementor-widget elementor-widget-image\" data-id=\"c425c96\" data-element_type=\"widget\" data-settings=\"{&quot;_transform_rotateZ_effect_hover&quot;:{&quot;unit&quot;:&quot;px&quot;,&quot;size&quot;:360,&quot;sizes&quot;:[]},&quot;_transform_rotateZ_effect_hover_tablet&quot;:{&quot;unit&quot;:&quot;deg&quot;,&quot;size&quot;:&quot;&quot;,&quot;sizes&quot;:[]},&quot;_transform_rotateZ_effect_hover_mobile&quot;:{&quot;unit&quot;:&quot;deg&quot;,&quot;size&quot;:&quot;&quot;,&quot;sizes&quot;:[]}}\" data-widget_type=\"image.default\">\n\t\t\t\t<div class=\"elementor-widget-container\">\n\t\t\t\t\t\t\t\t\t\t\t\t\t\t\t<img decoding=\"async\" width=\"600\" height=\"568\" src=\"https:\/\/www.campingvilleylesec.fr\/wp-content\/uploads\/2024\/11\/Camping-Villey-le-Sec-picto-nature-feuilles-couleur.png\" class=\"attachment-medium_large size-medium_large wp-image-2012\" alt=\"\" srcset=\"https:\/\/www.campingvilleylesec.fr\/wp-content\/uploads\/2024\/11\/Camping-Villey-le-Sec-picto-nature-feuilles-couleur.png 600w, https:\/\/www.campingvilleylesec.fr\/wp-content\/uploads\/2024\/11\/Camping-Villey-le-Sec-picto-nature-feuilles-couleur-300x284.png 300w\" sizes=\"(max-width: 600px) 100vw, 600px\" \/>\t\t\t\t\t\t\t\t\t\t\t\t\t\t\t<\/div>\n\t\t\t\t<\/div>\n\t\t<div class=\"elementor-element elementor-element-1bcdbd8 e-con-full e-flex e-con e-child\" data-id=\"1bcdbd8\" data-element_type=\"container\">\n\t\t\t\t<div class=\"elementor-element elementor-element-1e78b3c elementor-widget elementor-widget-heading\" data-id=\"1e78b3c\" data-element_type=\"widget\" data-widget_type=\"heading.default\">\n\t\t\t\t<div class=\"elementor-widget-container\">\n\t\t\t\t\t<h2 class=\"elementor-heading-title elementor-size-default\">A green natural setting<\/h2>\t\t\t\t<\/div>\n\t\t\t\t<\/div>\n\t\t\t\t<div class=\"elementor-element elementor-element-a957cf5 elementor-widget elementor-widget-text-editor\" data-id=\"a957cf5\" data-element_type=\"widget\" data-widget_type=\"text-editor.default\">\n\t\t\t\t<div class=\"elementor-widget-container\">\n\t\t\t\t\t\t\t\t\t<p><strong>Camping de Villey-le-Sec immerses you in the heart of pure, unspoiled nature, ideal for lovers of the great outdoors.<\/strong><\/p><p>Surrounded by forests, bordered by the Moselle River, at the gateway to the Lorraine Regional Natural Park, the Villey-le-Sec campsite offers you a peaceful setting where greenery is omnipresent.<\/p><p>Admire the landscape to recharge your batteries, immerse yourself in a good book in the shade of the trees or simply let yourself be lulled by the lapping of the water or the rustling of nature&#8230; each space at Camping de Villey-le-Sec has been designed to offer you total immersion in the beauty of the local nature, for a stay that is both calm and revitalising.<\/p>\t\t\t\t\t\t\t\t<\/div>\n\t\t\t\t<\/div>\n\t\t\t\t<div class=\"elementor-element elementor-element-d192489 elementor-widget elementor-widget-gallery\" data-id=\"d192489\" data-element_type=\"widget\" data-settings=\"{&quot;columns_tablet&quot;:4,&quot;columns_mobile&quot;:2,&quot;aspect_ratio&quot;:&quot;4:3&quot;,&quot;lazyload&quot;:&quot;yes&quot;,&quot;gallery_layout&quot;:&quot;grid&quot;,&quot;columns&quot;:4,&quot;gap&quot;:{&quot;unit&quot;:&quot;px&quot;,&quot;size&quot;:10,&quot;sizes&quot;:[]},&quot;gap_tablet&quot;:{&quot;unit&quot;:&quot;px&quot;,&quot;size&quot;:10,&quot;sizes&quot;:[]},&quot;gap_mobile&quot;:{&quot;unit&quot;:&quot;px&quot;,&quot;size&quot;:10,&quot;sizes&quot;:[]},&quot;link_to&quot;:&quot;file&quot;,&quot;content_hover_animation&quot;:&quot;fade-in&quot;}\" data-widget_type=\"gallery.default\">\n\t\t\t\t<div class=\"elementor-widget-container\">\n\t\t\t\t\t\t\t<div class=\"elementor-gallery__container\">\n\t\t\t\t\t\t\t<a class=\"e-gallery-item elementor-gallery-item elementor-animated-content\" href=\"https:\/\/www.campingvilleylesec.fr\/wp-content\/uploads\/2024\/11\/sejour-naturel-camping-villey.jpg\" data-elementor-open-lightbox=\"yes\" data-elementor-lightbox-slideshow=\"d192489\" data-elementor-lightbox-title=\"sejour-naturel-camping-villey\" data-e-action-hash=\"#elementor-action%3Aaction%3Dlightbox%26settings%3DeyJpZCI6MjMwMSwidXJsIjoiaHR0cHM6XC9cL3d3dy5jYW1waW5ndmlsbGV5bGVzZWMuZnJcL3dwLWNvbnRlbnRcL3VwbG9hZHNcLzIwMjRcLzExXC9zZWpvdXItbmF0dXJlbC1jYW1waW5nLXZpbGxleS5qcGciLCJzbGlkZXNob3ciOiJkMTkyNDg5In0%3D\">\n\t\t\t\t\t<div class=\"e-gallery-image elementor-gallery-item__image\" data-thumbnail=\"https:\/\/www.campingvilleylesec.fr\/wp-content\/uploads\/2024\/11\/sejour-naturel-camping-villey-300x200.jpg\" data-width=\"300\" data-height=\"200\" aria-label=\"moselle et for\u00eat autour du camping de villey-le-sec\" role=\"img\" ><\/div>\n\t\t\t\t\t\t\t\t\t\t\t\t\t\t<\/a>\n\t\t\t\t\t\t\t<a class=\"e-gallery-item elementor-gallery-item elementor-animated-content\" href=\"https:\/\/www.campingvilleylesec.fr\/wp-content\/uploads\/2024\/10\/emplacement-cycliste-camping-villey.jpg\" data-elementor-open-lightbox=\"yes\" data-elementor-lightbox-slideshow=\"d192489\" data-elementor-lightbox-title=\"emplacement-cycliste-camping-villey\" data-e-action-hash=\"#elementor-action%3Aaction%3Dlightbox%26settings%3DeyJpZCI6MTQ2OCwidXJsIjoiaHR0cHM6XC9cL3d3dy5jYW1waW5ndmlsbGV5bGVzZWMuZnJcL3dwLWNvbnRlbnRcL3VwbG9hZHNcLzIwMjRcLzEwXC9lbXBsYWNlbWVudC1jeWNsaXN0ZS1jYW1waW5nLXZpbGxleS5qcGciLCJzbGlkZXNob3ciOiJkMTkyNDg5In0%3D\">\n\t\t\t\t\t<div class=\"e-gallery-image elementor-gallery-item__image\" data-thumbnail=\"https:\/\/www.campingvilleylesec.fr\/wp-content\/uploads\/2024\/10\/emplacement-cycliste-camping-villey-300x225.jpg\" data-width=\"300\" data-height=\"225\" aria-label=\"emplacement pour tente et v\u00e9los camping villey-le-sec\" role=\"img\" ><\/div>\n\t\t\t\t\t\t\t\t\t\t\t\t\t\t<\/a>\n\t\t\t\t\t\t\t<a class=\"e-gallery-item elementor-gallery-item elementor-animated-content\" href=\"https:\/\/www.campingvilleylesec.fr\/wp-content\/uploads\/2024\/10\/canoe-kayak-altck.jpg\" data-elementor-open-lightbox=\"yes\" data-elementor-lightbox-slideshow=\"d192489\" data-elementor-lightbox-title=\"canoe-kayak-altck\" data-e-action-hash=\"#elementor-action%3Aaction%3Dlightbox%26settings%3DeyJpZCI6MTE3NCwidXJsIjoiaHR0cHM6XC9cL3d3dy5jYW1waW5ndmlsbGV5bGVzZWMuZnJcL3dwLWNvbnRlbnRcL3VwbG9hZHNcLzIwMjRcLzEwXC9jYW5vZS1rYXlhay1hbHRjay5qcGciLCJzbGlkZXNob3ciOiJkMTkyNDg5In0%3D\">\n\t\t\t\t\t<div class=\"e-gallery-image elementor-gallery-item__image\" data-thumbnail=\"https:\/\/www.campingvilleylesec.fr\/wp-content\/uploads\/2024\/10\/canoe-kayak-altck-300x232.jpg\" data-width=\"300\" data-height=\"232\" aria-label=\"personnes en cano\u00eb- kayak sur la Moselle au bord du camping\" role=\"img\" ><\/div>\n\t\t\t\t\t\t\t\t\t\t\t\t\t\t<\/a>\n\t\t\t\t\t\t\t<a class=\"e-gallery-item elementor-gallery-item elementor-animated-content\" href=\"https:\/\/www.campingvilleylesec.fr\/wp-content\/uploads\/2024\/10\/hebergement-peche-camping-villey-le-sec.jpg\" data-elementor-open-lightbox=\"yes\" data-elementor-lightbox-slideshow=\"d192489\" data-elementor-lightbox-title=\"hebergement-peche-camping-villey-le-sec\" data-e-action-hash=\"#elementor-action%3Aaction%3Dlightbox%26settings%3DeyJpZCI6NTk4LCJ1cmwiOiJodHRwczpcL1wvd3d3LmNhbXBpbmd2aWxsZXlsZXNlYy5mclwvd3AtY29udGVudFwvdXBsb2Fkc1wvMjAyNFwvMTBcL2hlYmVyZ2VtZW50LXBlY2hlLWNhbXBpbmctdmlsbGV5LWxlLXNlYy5qcGciLCJzbGlkZXNob3ciOiJkMTkyNDg5In0%3D\">\n\t\t\t\t\t<div class=\"e-gallery-image elementor-gallery-item__image\" data-thumbnail=\"https:\/\/www.campingvilleylesec.fr\/wp-content\/uploads\/2024\/10\/hebergement-peche-camping-villey-le-sec-300x200.jpg\" data-width=\"300\" data-height=\"200\" aria-label=\"Canne \u00e0 p\u00eache pos\u00e9e au bord de la Moselle au camping de Villey le Sec\" role=\"img\" ><\/div>\n\t\t\t\t\t\t\t\t\t\t\t\t\t\t<\/a>\n\t\t\t\t\t<\/div>\n\t\t\t\t\t<\/div>\n\t\t\t\t<\/div>\n\t\t\t\t<\/div>\n\t\t\t\t<\/div>\n\t\t\t\t\t<\/div>\n\t\t\t\t<\/section>\n\t\t<section class=\"elementor-element elementor-element-eadbe38 e-flex e-con-boxed e-con e-parent\" data-id=\"eadbe38\" data-element_type=\"container\">\n\t\t\t\t\t<div class=\"e-con-inner\">\n\t\t<div class=\"elementor-element elementor-element-dd9e8f3 e-con-full e-flex e-con e-child\" data-id=\"dd9e8f3\" data-element_type=\"container\">\n\t\t\t\t<div class=\"elementor-element elementor-element-ef5bff8 elementor-widget__width-initial elementor-widget elementor-widget-image\" data-id=\"ef5bff8\" data-element_type=\"widget\" data-widget_type=\"image.default\">\n\t\t\t\t<div class=\"elementor-widget-container\">\n\t\t\t\t\t\t\t\t\t\t\t\t\t\t\t<img decoding=\"async\" width=\"600\" height=\"568\" src=\"https:\/\/www.campingvilleylesec.fr\/wp-content\/uploads\/2024\/11\/Camping-Villey-le-Sec-picto-decouvertes-couleur.png\" class=\"attachment-medium_large size-medium_large wp-image-2004\" alt=\"\" srcset=\"https:\/\/www.campingvilleylesec.fr\/wp-content\/uploads\/2024\/11\/Camping-Villey-le-Sec-picto-decouvertes-couleur.png 600w, https:\/\/www.campingvilleylesec.fr\/wp-content\/uploads\/2024\/11\/Camping-Villey-le-Sec-picto-decouvertes-couleur-300x284.png 300w\" sizes=\"(max-width: 600px) 100vw, 600px\" \/>\t\t\t\t\t\t\t\t\t\t\t\t\t\t\t<\/div>\n\t\t\t\t<\/div>\n\t\t<div class=\"elementor-element elementor-element-34b318b e-con-full e-flex e-con e-child\" data-id=\"34b318b\" data-element_type=\"container\">\n\t\t\t\t<div class=\"elementor-element elementor-element-f7be8e3 elementor-widget elementor-widget-heading\" data-id=\"f7be8e3\" data-element_type=\"widget\" data-widget_type=\"heading.default\">\n\t\t\t\t<div class=\"elementor-widget-container\">\n\t\t\t\t\t<h2 class=\"elementor-heading-title elementor-size-default\">A source of varied discoveries<\/h2>\t\t\t\t<\/div>\n\t\t\t\t<\/div>\n\t\t\t\t<div class=\"elementor-element elementor-element-7bb99b1 elementor-widget elementor-widget-text-editor\" data-id=\"7bb99b1\" data-element_type=\"widget\" data-widget_type=\"text-editor.default\">\n\t\t\t\t<div class=\"elementor-widget-container\">\n\t\t\t\t\t\t\t\t\t<p><strong>Close to Toul, Nancy, Metz, Epinal and the Vosges, Camping de Villey-le-Sec is the ideal starting point for exploring and enjoying the natural, cultural, tourist and gastronomic riches of the local and regional area.<\/strong> <\/p><p>If you prefer to get some fresh air away from the noise and bustle, the hiking trails, greenways, numerous fishing spots and cycle paths in the immediate vicinity of Camping de Villey-le-Sec will allow you to recharge your batteries while fully enjoying a <strong>stay in the countryside<\/strong>!<\/p><p>Back at the campsite after a day of exploring, you can enjoy the peace and quiet of the place, far from the hustle and bustle of the city, to relax in a peaceful and green environment.<\/p>\t\t\t\t\t\t\t\t<\/div>\n\t\t\t\t<\/div>\n\t\t\t\t<div class=\"elementor-element elementor-element-6aa57a0 elementor-widget elementor-widget-gallery\" data-id=\"6aa57a0\" data-element_type=\"widget\" data-settings=\"{&quot;columns_tablet&quot;:4,&quot;columns_mobile&quot;:2,&quot;aspect_ratio&quot;:&quot;4:3&quot;,&quot;lazyload&quot;:&quot;yes&quot;,&quot;gallery_layout&quot;:&quot;grid&quot;,&quot;columns&quot;:4,&quot;gap&quot;:{&quot;unit&quot;:&quot;px&quot;,&quot;size&quot;:10,&quot;sizes&quot;:[]},&quot;gap_tablet&quot;:{&quot;unit&quot;:&quot;px&quot;,&quot;size&quot;:10,&quot;sizes&quot;:[]},&quot;gap_mobile&quot;:{&quot;unit&quot;:&quot;px&quot;,&quot;size&quot;:10,&quot;sizes&quot;:[]},&quot;link_to&quot;:&quot;file&quot;,&quot;content_hover_animation&quot;:&quot;fade-in&quot;}\" data-widget_type=\"gallery.default\">\n\t\t\t\t<div class=\"elementor-widget-container\">\n\t\t\t\t\t\t\t<div class=\"elementor-gallery__container\">\n\t\t\t\t\t\t\t<a class=\"e-gallery-item elementor-gallery-item elementor-animated-content\" href=\"https:\/\/www.campingvilleylesec.fr\/wp-content\/uploads\/2024\/11\/boite-livres.jpg\" data-elementor-open-lightbox=\"yes\" data-elementor-lightbox-slideshow=\"6aa57a0\" data-elementor-lightbox-title=\"boite-livres\" data-e-action-hash=\"#elementor-action%3Aaction%3Dlightbox%26settings%3DeyJpZCI6MTk3MiwidXJsIjoiaHR0cHM6XC9cL3d3dy5jYW1waW5ndmlsbGV5bGVzZWMuZnJcL3dwLWNvbnRlbnRcL3VwbG9hZHNcLzIwMjRcLzExXC9ib2l0ZS1saXZyZXMuanBnIiwic2xpZGVzaG93IjoiNmFhNTdhMCJ9\">\n\t\t\t\t\t<div class=\"e-gallery-image elementor-gallery-item__image\" data-thumbnail=\"https:\/\/www.campingvilleylesec.fr\/wp-content\/uploads\/2024\/11\/boite-livres-300x200.jpg\" data-width=\"300\" data-height=\"200\" aria-label=\"bo\u00eete \u00e0 livres du camping de villey-le-sec\" role=\"img\" ><\/div>\n\t\t\t\t\t\t\t\t\t\t\t\t\t\t<\/a>\n\t\t\t\t\t\t\t<a class=\"e-gallery-item elementor-gallery-item elementor-animated-content\" href=\"https:\/\/www.campingvilleylesec.fr\/wp-content\/uploads\/2024\/11\/panneau-randonnees-camping.jpg\" data-elementor-open-lightbox=\"yes\" data-elementor-lightbox-slideshow=\"6aa57a0\" data-elementor-lightbox-title=\"panneau-randonnees-camping\" data-e-action-hash=\"#elementor-action%3Aaction%3Dlightbox%26settings%3DeyJpZCI6MjcxNCwidXJsIjoiaHR0cHM6XC9cL3d3dy5jYW1waW5ndmlsbGV5bGVzZWMuZnJcL3dwLWNvbnRlbnRcL3VwbG9hZHNcLzIwMjRcLzExXC9wYW5uZWF1LXJhbmRvbm5lZXMtY2FtcGluZy5qcGciLCJzbGlkZXNob3ciOiI2YWE1N2EwIn0%3D\">\n\t\t\t\t\t<div class=\"e-gallery-image elementor-gallery-item__image\" data-thumbnail=\"https:\/\/www.campingvilleylesec.fr\/wp-content\/uploads\/2024\/11\/panneau-randonnees-camping-300x245.jpg\" data-width=\"300\" data-height=\"245\" aria-label=\"panneau d&#039;informations sur les randonn\u00e9es autour du camping\" role=\"img\" ><\/div>\n\t\t\t\t\t\t\t\t\t\t\t\t\t\t<\/a>\n\t\t\t\t\t\t\t<a class=\"e-gallery-item elementor-gallery-item elementor-animated-content\" href=\"https:\/\/www.campingvilleylesec.fr\/wp-content\/uploads\/2024\/10\/fort-villey-le-sec.jpg\" data-elementor-open-lightbox=\"yes\" data-elementor-lightbox-slideshow=\"6aa57a0\" data-elementor-lightbox-title=\"LEAD Technologies Inc. V1.01\" data-e-action-hash=\"#elementor-action%3Aaction%3Dlightbox%26settings%3DeyJpZCI6MTE1MSwidXJsIjoiaHR0cHM6XC9cL3d3dy5jYW1waW5ndmlsbGV5bGVzZWMuZnJcL3dwLWNvbnRlbnRcL3VwbG9hZHNcLzIwMjRcLzEwXC9mb3J0LXZpbGxleS1sZS1zZWMuanBnIiwic2xpZGVzaG93IjoiNmFhNTdhMCJ9\">\n\t\t\t\t\t<div class=\"e-gallery-image elementor-gallery-item__image\" data-thumbnail=\"https:\/\/www.campingvilleylesec.fr\/wp-content\/uploads\/2024\/10\/fort-villey-le-sec-300x225.jpg\" data-width=\"300\" data-height=\"225\" aria-label=\"train du fort de villey-le-sec\" role=\"img\" ><\/div>\n\t\t\t\t\t\t\t\t\t\t\t\t\t\t<\/a>\n\t\t\t\t\t\t\t<a class=\"e-gallery-item elementor-gallery-item elementor-animated-content\" href=\"https:\/\/www.campingvilleylesec.fr\/wp-content\/uploads\/2024\/10\/velo-boucle-moselle-camping.jpg\" data-elementor-open-lightbox=\"yes\" data-elementor-lightbox-slideshow=\"6aa57a0\" data-elementor-lightbox-title=\"velo-boucle-moselle-camping\" data-e-action-hash=\"#elementor-action%3Aaction%3Dlightbox%26settings%3DeyJpZCI6MTE4MCwidXJsIjoiaHR0cHM6XC9cL3d3dy5jYW1waW5ndmlsbGV5bGVzZWMuZnJcL3dwLWNvbnRlbnRcL3VwbG9hZHNcLzIwMjRcLzEwXC92ZWxvLWJvdWNsZS1tb3NlbGxlLWNhbXBpbmcuanBnIiwic2xpZGVzaG93IjoiNmFhNTdhMCJ9\">\n\t\t\t\t\t<div class=\"e-gallery-image elementor-gallery-item__image\" data-thumbnail=\"https:\/\/www.campingvilleylesec.fr\/wp-content\/uploads\/2024\/10\/velo-boucle-moselle-camping-300x200.jpg\" data-width=\"300\" data-height=\"200\" aria-label=\"cyclotouriste regardant le plan de la boucle de la moselle au camping\" role=\"img\" ><\/div>\n\t\t\t\t\t\t\t\t\t\t\t\t\t\t<\/a>\n\t\t\t\t\t<\/div>\n\t\t\t\t\t<\/div>\n\t\t\t\t<\/div>\n\t\t\t\t<\/div>\n\t\t\t\t<\/div>\n\t\t\t\t\t<\/div>\n\t\t\t\t<\/section>\n\t\t<section class=\"elementor-element elementor-element-a15e83f e-flex e-con-boxed e-con e-parent\" data-id=\"a15e83f\" data-element_type=\"container\" data-settings=\"{&quot;background_background&quot;:&quot;classic&quot;,&quot;shape_divider_top&quot;:&quot;waves&quot;,&quot;shape_divider_top_negative&quot;:&quot;yes&quot;,&quot;shape_divider_bottom&quot;:&quot;waves&quot;}\">\n\t\t\t\t\t<div class=\"e-con-inner\">\n\t\t\t\t<div class=\"elementor-shape elementor-shape-top\" aria-hidden=\"true\" data-negative=\"true\">\n\t\t\t<svg xmlns=\"http:\/\/www.w3.org\/2000\/svg\" viewBox=\"0 0 1000 100\" preserveAspectRatio=\"none\">\n\t<path class=\"elementor-shape-fill\" d=\"M790.5,93.1c-59.3-5.3-116.8-18-192.6-50c-29.6-12.7-76.9-31-100.5-35.9c-23.6-4.9-52.6-7.8-75.5-5.3\n\tc-10.2,1.1-22.6,1.4-50.1,7.4c-27.2,6.3-58.2,16.6-79.4,24.7c-41.3,15.9-94.9,21.9-134,22.6C72,58.2,0,25.8,0,25.8V100h1000V65.3\n\tc0,0-51.5,19.4-106.2,25.7C839.5,97,814.1,95.2,790.5,93.1z\"\/>\n<\/svg>\t\t<\/div>\n\t\t\t\t<div class=\"elementor-shape elementor-shape-bottom\" aria-hidden=\"true\" data-negative=\"false\">\n\t\t\t<svg xmlns=\"http:\/\/www.w3.org\/2000\/svg\" viewBox=\"0 0 1000 100\" preserveAspectRatio=\"none\">\n\t<path class=\"elementor-shape-fill\" d=\"M421.9,6.5c22.6-2.5,51.5,0.4,75.5,5.3c23.6,4.9,70.9,23.5,100.5,35.7c75.8,32.2,133.7,44.5,192.6,49.7\n\tc23.6,2.1,48.7,3.5,103.4-2.5c54.7-6,106.2-25.6,106.2-25.6V0H0v30.3c0,0,72,32.6,158.4,30.5c39.2-0.7,92.8-6.7,134-22.4\n\tc21.2-8.1,52.2-18.2,79.7-24.2C399.3,7.9,411.6,7.5,421.9,6.5z\"\/>\n<\/svg>\t\t<\/div>\n\t\t<div class=\"elementor-element elementor-element-0fefc04 e-con-full e-flex e-con e-child\" data-id=\"0fefc04\" data-element_type=\"container\">\n\t\t\t\t<div class=\"elementor-element elementor-element-2cf0cd2 elementor-widget__width-initial e-transform elementor-widget elementor-widget-image\" data-id=\"2cf0cd2\" data-element_type=\"widget\" data-settings=\"{&quot;_transform_rotateZ_effect_hover&quot;:{&quot;unit&quot;:&quot;px&quot;,&quot;size&quot;:360,&quot;sizes&quot;:[]},&quot;_transform_rotateZ_effect_hover_tablet&quot;:{&quot;unit&quot;:&quot;deg&quot;,&quot;size&quot;:&quot;&quot;,&quot;sizes&quot;:[]},&quot;_transform_rotateZ_effect_hover_mobile&quot;:{&quot;unit&quot;:&quot;deg&quot;,&quot;size&quot;:&quot;&quot;,&quot;sizes&quot;:[]}}\" data-widget_type=\"image.default\">\n\t\t\t\t<div class=\"elementor-widget-container\">\n\t\t\t\t\t\t\t\t\t\t\t\t\t\t\t<img loading=\"lazy\" decoding=\"async\" width=\"600\" height=\"568\" src=\"https:\/\/www.campingvilleylesec.fr\/wp-content\/uploads\/2024\/11\/camping-villey-le-sec-picto-detente-couleur-1.png\" class=\"attachment-medium_large size-medium_large wp-image-3230\" alt=\"\" srcset=\"https:\/\/www.campingvilleylesec.fr\/wp-content\/uploads\/2024\/11\/camping-villey-le-sec-picto-detente-couleur-1.png 600w, https:\/\/www.campingvilleylesec.fr\/wp-content\/uploads\/2024\/11\/camping-villey-le-sec-picto-detente-couleur-1-300x284.png 300w\" sizes=\"(max-width: 600px) 100vw, 600px\" \/>\t\t\t\t\t\t\t\t\t\t\t\t\t\t\t<\/div>\n\t\t\t\t<\/div>\n\t\t<div class=\"elementor-element elementor-element-a864e05 e-con-full e-flex e-con e-child\" data-id=\"a864e05\" data-element_type=\"container\">\n\t\t\t\t<div class=\"elementor-element elementor-element-dbcea9f elementor-widget elementor-widget-heading\" data-id=\"dbcea9f\" data-element_type=\"widget\" data-widget_type=\"heading.default\">\n\t\t\t\t<div class=\"elementor-widget-container\">\n\t\t\t\t\t<h2 class=\"elementor-heading-title elementor-size-default\">A destination conducive to relaxation<\/h2>\t\t\t\t<\/div>\n\t\t\t\t<\/div>\n\t\t\t\t<div class=\"elementor-element elementor-element-8262cde elementor-widget elementor-widget-text-editor\" data-id=\"8262cde\" data-element_type=\"widget\" data-widget_type=\"text-editor.default\">\n\t\t\t\t<div class=\"elementor-widget-container\">\n\t\t\t\t\t\t\t\t\t<p><strong>Whether you are passing through or on vacation, Camping de Villey-le-Sec guarantees you comfort and serenity, for unforgettable moments in Meurthe-et-Moselle.<\/strong><\/p><p>Located in an exceptional natural setting, the campsite is a true invitation to relax. Enjoy precious moments strolling along the hiking trails, observing the local wildlife, or fishing in the nearby Moselle River. <\/p><p>Whether you&#8217;re looking for peace and quiet or leisure in the great outdoors, our campsite is the perfect destination for getting some fresh air and enjoying a relaxing, easy-going stay.<\/p>\t\t\t\t\t\t\t\t<\/div>\n\t\t\t\t<\/div>\n\t\t\t\t<div class=\"elementor-element elementor-element-29ddee2 elementor-widget elementor-widget-gallery\" data-id=\"29ddee2\" data-element_type=\"widget\" data-settings=\"{&quot;columns_tablet&quot;:4,&quot;columns_mobile&quot;:2,&quot;aspect_ratio&quot;:&quot;4:3&quot;,&quot;lazyload&quot;:&quot;yes&quot;,&quot;gallery_layout&quot;:&quot;grid&quot;,&quot;columns&quot;:4,&quot;gap&quot;:{&quot;unit&quot;:&quot;px&quot;,&quot;size&quot;:10,&quot;sizes&quot;:[]},&quot;gap_tablet&quot;:{&quot;unit&quot;:&quot;px&quot;,&quot;size&quot;:10,&quot;sizes&quot;:[]},&quot;gap_mobile&quot;:{&quot;unit&quot;:&quot;px&quot;,&quot;size&quot;:10,&quot;sizes&quot;:[]},&quot;link_to&quot;:&quot;file&quot;,&quot;content_hover_animation&quot;:&quot;fade-in&quot;}\" data-widget_type=\"gallery.default\">\n\t\t\t\t<div class=\"elementor-widget-container\">\n\t\t\t\t\t\t\t<div class=\"elementor-gallery__container\">\n\t\t\t\t\t\t\t<a class=\"e-gallery-item elementor-gallery-item elementor-animated-content\" href=\"https:\/\/www.campingvilleylesec.fr\/wp-content\/uploads\/2024\/11\/camping-villey-le-sec-velo.jpg\" data-elementor-open-lightbox=\"yes\" data-elementor-lightbox-slideshow=\"29ddee2\" data-elementor-lightbox-title=\"camping-villey-le-sec-velo\" data-e-action-hash=\"#elementor-action%3Aaction%3Dlightbox%26settings%3DeyJpZCI6MjkwNSwidXJsIjoiaHR0cHM6XC9cL3d3dy5jYW1waW5ndmlsbGV5bGVzZWMuZnJcL3dwLWNvbnRlbnRcL3VwbG9hZHNcLzIwMjRcLzExXC9jYW1waW5nLXZpbGxleS1sZS1zZWMtdmVsby5qcGciLCJzbGlkZXNob3ciOiIyOWRkZWUyIn0%3D\">\n\t\t\t\t\t<div class=\"e-gallery-image elementor-gallery-item__image\" data-thumbnail=\"https:\/\/www.campingvilleylesec.fr\/wp-content\/uploads\/2024\/11\/camping-villey-le-sec-velo-300x200.jpg\" data-width=\"300\" data-height=\"200\" aria-label=\"couple en s\u00e9jour au camping de villey-le-sec piqueniquant \u00e0 c\u00f4t\u00e9 de son tandem\" role=\"img\" ><\/div>\n\t\t\t\t\t\t\t\t\t\t\t\t\t\t<\/a>\n\t\t\t\t\t\t\t<a class=\"e-gallery-item elementor-gallery-item elementor-animated-content\" href=\"https:\/\/www.campingvilleylesec.fr\/wp-content\/uploads\/2024\/11\/terrasse-restaurant-camping-panorama.jpg\" data-elementor-open-lightbox=\"yes\" data-elementor-lightbox-slideshow=\"29ddee2\" data-elementor-lightbox-title=\"terrasse-restaurant-camping-panorama\" data-e-action-hash=\"#elementor-action%3Aaction%3Dlightbox%26settings%3DeyJpZCI6MTk1NiwidXJsIjoiaHR0cHM6XC9cL3d3dy5jYW1waW5ndmlsbGV5bGVzZWMuZnJcL3dwLWNvbnRlbnRcL3VwbG9hZHNcLzIwMjRcLzExXC90ZXJyYXNzZS1yZXN0YXVyYW50LWNhbXBpbmctcGFub3JhbWEuanBnIiwic2xpZGVzaG93IjoiMjlkZGVlMiJ9\">\n\t\t\t\t\t<div class=\"e-gallery-image elementor-gallery-item__image\" data-thumbnail=\"https:\/\/www.campingvilleylesec.fr\/wp-content\/uploads\/2024\/11\/terrasse-restaurant-camping-panorama-225x300.jpg\" data-width=\"225\" data-height=\"300\" aria-label=\"Terrasse du restaurant Le panorama du camping de Villey-le-Sec\" role=\"img\" ><\/div>\n\t\t\t\t\t\t\t\t\t\t\t\t\t\t<\/a>\n\t\t\t\t\t\t\t<a class=\"e-gallery-item elementor-gallery-item elementor-animated-content\" href=\"https:\/\/www.campingvilleylesec.fr\/wp-content\/uploads\/2024\/10\/terrasse-mobilhome-majo.jpg\" data-elementor-open-lightbox=\"yes\" data-elementor-lightbox-slideshow=\"29ddee2\" data-elementor-lightbox-title=\"terrasse-mobilhome-majo\" data-e-action-hash=\"#elementor-action%3Aaction%3Dlightbox%26settings%3DeyJpZCI6ODg4LCJ1cmwiOiJodHRwczpcL1wvd3d3LmNhbXBpbmd2aWxsZXlsZXNlYy5mclwvd3AtY29udGVudFwvdXBsb2Fkc1wvMjAyNFwvMTBcL3RlcnJhc3NlLW1vYmlsaG9tZS1tYWpvLmpwZyIsInNsaWRlc2hvdyI6IjI5ZGRlZTIifQ%3D%3D\">\n\t\t\t\t\t<div class=\"e-gallery-image elementor-gallery-item__image\" data-thumbnail=\"https:\/\/www.campingvilleylesec.fr\/wp-content\/uploads\/2024\/10\/terrasse-mobilhome-majo-225x300.jpg\" data-width=\"225\" data-height=\"300\" aria-label=\"terrace with table and chairs of the majo mobile home\" role=\"img\" ><\/div>\n\t\t\t\t\t\t\t\t\t\t\t\t\t\t<\/a>\n\t\t\t\t\t\t\t<a class=\"e-gallery-item elementor-gallery-item elementor-animated-content\" href=\"https:\/\/www.campingvilleylesec.fr\/wp-content\/uploads\/2024\/10\/minigolf-camping.jpg\" data-elementor-open-lightbox=\"yes\" data-elementor-lightbox-slideshow=\"29ddee2\" data-elementor-lightbox-title=\"minigolf-camping\" data-e-action-hash=\"#elementor-action%3Aaction%3Dlightbox%26settings%3DeyJpZCI6NjU4LCJ1cmwiOiJodHRwczpcL1wvd3d3LmNhbXBpbmd2aWxsZXlsZXNlYy5mclwvd3AtY29udGVudFwvdXBsb2Fkc1wvMjAyNFwvMTBcL21pbmlnb2xmLWNhbXBpbmcuanBnIiwic2xpZGVzaG93IjoiMjlkZGVlMiJ9\">\n\t\t\t\t\t<div class=\"e-gallery-image elementor-gallery-item__image\" data-thumbnail=\"https:\/\/www.campingvilleylesec.fr\/wp-content\/uploads\/2024\/10\/minigolf-camping-300x203.jpg\" data-width=\"300\" data-height=\"203\" aria-label=\"Mini-golf du camping de villey-le-sec\" role=\"img\" ><\/div>\n\t\t\t\t\t\t\t\t\t\t\t\t\t\t<\/a>\n\t\t\t\t\t<\/div>\n\t\t\t\t\t<\/div>\n\t\t\t\t<\/div>\n\t\t\t\t<\/div>\n\t\t\t\t<\/div>\n\t\t\t\t\t<\/div>\n\t\t\t\t<\/section>\n\t\t<section class=\"elementor-element elementor-element-8c1e07c e-grid e-con-boxed e-con e-parent\" data-id=\"8c1e07c\" data-element_type=\"container\">\n\t\t\t\t\t<div class=\"e-con-inner\">\n\t\t<div class=\"elementor-element elementor-element-ed52358 e-con-full e-flex e-con e-child\" data-id=\"ed52358\" data-element_type=\"container\">\n\t\t\t\t<div class=\"elementor-element elementor-element-8136e16 elementor-widget elementor-widget-heading\" data-id=\"8136e16\" data-element_type=\"widget\" data-widget_type=\"heading.default\">\n\t\t\t\t<div class=\"elementor-widget-container\">\n\t\t\t\t\t<h2 class=\"elementor-heading-title elementor-size-default\">Did you know?<\/h2>\t\t\t\t<\/div>\n\t\t\t\t<\/div>\n\t\t\t\t<div class=\"elementor-element elementor-element-9b2c5f1 elementor-widget elementor-widget-text-editor\" data-id=\"9b2c5f1\" data-element_type=\"widget\" data-widget_type=\"text-editor.default\">\n\t\t\t\t<div class=\"elementor-widget-container\">\n\t\t\t\t\t\t\t\t\t<p>During your stay, you may hear the roar of fighter jets in the sky.<\/p><p>Don&#8217;t worry, pilots from the nearby airbase sometimes carry out some exercises.<\/p><p>A little touch of adrenaline in this peaceful setting&#8230; and a chance for young and old to see these impressive machines in full flight!<\/p>\t\t\t\t\t\t\t\t<\/div>\n\t\t\t\t<\/div>\n\t\t\t\t<\/div>\n\t\t<div class=\"elementor-element elementor-element-a65e771 e-con-full e-flex e-con e-child\" data-id=\"a65e771\" data-element_type=\"container\">\n\t\t<div class=\"elementor-element elementor-element-66e152e e-con-full e-flex e-con e-child\" data-id=\"66e152e\" data-element_type=\"container\">\n\t\t\t\t<div class=\"elementor-element elementor-element-108fa5a elementor-widget-mobile__width-inherit animated-slow elementor-invisible elementor-widget elementor-widget-image\" data-id=\"108fa5a\" data-element_type=\"widget\" data-settings=\"{&quot;_animation&quot;:&quot;fadeInRight&quot;}\" data-widget_type=\"image.default\">\n\t\t\t\t<div class=\"elementor-widget-container\">\n\t\t\t\t\t\t\t\t\t\t\t\t\t\t\t<img loading=\"lazy\" decoding=\"async\" width=\"750\" height=\"600\" src=\"https:\/\/www.campingvilleylesec.fr\/wp-content\/uploads\/2025\/02\/avion.jpg\" class=\"attachment-large size-large wp-image-5434\" alt=\"\" srcset=\"https:\/\/www.campingvilleylesec.fr\/wp-content\/uploads\/2025\/02\/avion.jpg 750w, https:\/\/www.campingvilleylesec.fr\/wp-content\/uploads\/2025\/02\/avion-300x240.jpg 300w\" sizes=\"(max-width: 750px) 100vw, 750px\" \/>\t\t\t\t\t\t\t\t\t\t\t\t\t\t\t<\/div>\n\t\t\t\t<\/div>\n\t\t\t\t<\/div>\n\t\t\t\t<\/div>\n\t\t\t\t\t<\/div>\n\t\t\t\t<\/section>\n\t\t<section class=\"elementor-element elementor-element-4c59072 e-flex e-con-boxed e-con e-parent\" data-id=\"4c59072\" data-element_type=\"container\" data-settings=\"{&quot;background_background&quot;:&quot;classic&quot;}\">\n\t\t\t\t\t<div class=\"e-con-inner\">\n\t\t\t\t<div class=\"elementor-element elementor-element-0c20e75 elementor-widget elementor-widget-heading\" data-id=\"0c20e75\" data-element_type=\"widget\" data-widget_type=\"heading.default\">\n\t\t\t\t<div class=\"elementor-widget-container\">\n\t\t\t\t\t<h2 class=\"elementor-heading-title elementor-size-default\">Our campers' reviews<\/h2>\t\t\t\t<\/div>\n\t\t\t\t<\/div>\n\t\t\t\t<div class=\"elementor-element elementor-element-4645b56 elementor-widget elementor-widget-text-editor\" data-id=\"4645b56\" data-element_type=\"widget\" data-widget_type=\"text-editor.default\">\n\t\t\t\t<div class=\"elementor-widget-container\">\n\t\t\t\t\t\t\t\t\t<p>Who better than our campers to talk about Camping de Villey-le-Sec? Discover their reviews! <\/p>\t\t\t\t\t\t\t\t<\/div>\n\t\t\t\t<\/div>\n\t\t\t\t<div class=\"elementor-element elementor-element-f6a580f elementor-widget elementor-widget-shortcode\" data-id=\"f6a580f\" data-element_type=\"widget\" data-widget_type=\"shortcode.default\">\n\t\t\t\t<div class=\"elementor-widget-container\">\n\t\t\t\t\t\t\t<div class=\"elementor-shortcode\"><div data-src=\"https:\/\/cdn.trustindex.io\/loader.js?d3b00e235635997fd596a77cedf\"><\/div><\/div>\n\t\t\t\t\t\t<\/div>\n\t\t\t\t<\/div>\n\t\t\t\t\t<\/div>\n\t\t\t\t<\/section>\n\t\t\t\t<\/div>\n\t\t","protected":false},"excerpt":{"rendered":"<p>An independent, family-run campsite At Camping de Villey-le-Sec, hospitality is above all a family affair and a passion! Local residents, [&hellip;]<\/p>\n","protected":false},"author":1,"featured_media":0,"parent":0,"menu_order":0,"comment_status":"closed","ping_status":"closed","template":"","meta":{"_acf_changed":false,"site-sidebar-layout":"no-sidebar","site-content-layout":"","ast-site-content-layout":"full-width-container","site-content-style":"default","site-sidebar-style":"default","ast-global-header-display":"","ast-banner-title-visibility":"","ast-main-header-display":"","ast-hfb-above-header-display":"","ast-hfb-below-header-display":"","ast-hfb-mobile-header-display":"","site-post-title":"disabled","ast-breadcrumbs-content":"","ast-featured-img":"disabled","footer-sml-layout":"","ast-disable-related-posts":"","theme-transparent-header-meta":"","adv-header-id-meta":"","stick-header-meta":"","header-above-stick-meta":"","header-main-stick-meta":"","header-below-stick-meta":"","astra-migrate-meta-layouts":"default","ast-page-background-enabled":"default","ast-page-background-meta":{"desktop":{"background-color":"var(--ast-global-color-4)","background-image":"","background-repeat":"repeat","background-position":"center center","background-size":"auto","background-attachment":"scroll","background-type":"","background-media":"","overlay-type":"","overlay-color":"","overlay-opacity":"","overlay-gradient":""},"tablet":{"background-color":"","background-image":"","background-repeat":"repeat","background-position":"center center","background-size":"auto","background-attachment":"scroll","background-type":"","background-media":"","overlay-type":"","overlay-color":"","overlay-opacity":"","overlay-gradient":""},"mobile":{"background-color":"","background-image":"","background-repeat":"repeat","background-position":"center center","background-size":"auto","background-attachment":"scroll","background-type":"","background-media":"","overlay-type":"","overlay-color":"","overlay-opacity":"","overlay-gradient":""}},"ast-content-background-meta":{"desktop":{"background-color":"var(--ast-global-color-5)","background-image":"","background-repeat":"repeat","background-position":"center center","background-size":"auto","background-attachment":"scroll","background-type":"","background-media":"","overlay-type":"","overlay-color":"","overlay-opacity":"","overlay-gradient":""},"tablet":{"background-color":"var(--ast-global-color-5)","background-image":"","background-repeat":"repeat","background-position":"center center","background-size":"auto","background-attachment":"scroll","background-type":"","background-media":"","overlay-type":"","overlay-color":"","overlay-opacity":"","overlay-gradient":""},"mobile":{"background-color":"var(--ast-global-color-5)","background-image":"","background-repeat":"repeat","background-position":"center center","background-size":"auto","background-attachment":"scroll","background-type":"","background-media":"","overlay-type":"","overlay-color":"","overlay-opacity":"","overlay-gradient":""}},"footnotes":""},"class_list":["post-5546","page","type-page","status-publish","hentry"],"acf":[],"yoast_head":"<!-- This site is optimized with the Yoast SEO plugin v26.6 - https:\/\/yoast.com\/wordpress\/plugins\/seo\/ -->\n<title>Presentation of Camping de Villey-le-Sec - Camping de Villey-le-Sec<\/title>\n<meta name=\"robots\" content=\"index, follow, max-snippet:-1, max-image-preview:large, max-video-preview:-1\" \/>\n<link rel=\"canonical\" href=\"https:\/\/www.campingvilleylesec.fr\/en\/presentation-of-camping-de-villey-le-sec\/\" \/>\n<meta property=\"og:locale\" content=\"en_US\" \/>\n<meta property=\"og:type\" content=\"article\" \/>\n<meta property=\"og:title\" content=\"Presentation of Camping de Villey-le-Sec - Camping de Villey-le-Sec\" \/>\n<meta property=\"og:description\" content=\"An independent, family-run campsite At Camping de Villey-le-Sec, hospitality is above all a family affair and a passion! Local residents, [&hellip;]\" \/>\n<meta property=\"og:url\" content=\"https:\/\/www.campingvilleylesec.fr\/en\/presentation-of-camping-de-villey-le-sec\/\" \/>\n<meta property=\"og:site_name\" content=\"Camping de Villey-le-Sec\" \/>\n<meta property=\"article:publisher\" content=\"https:\/\/www.facebook.com\/campingVilleyleSec54\" \/>\n<meta property=\"article:modified_time\" content=\"2025-06-05T15:55:56+00:00\" \/>\n<meta property=\"og:image\" content=\"https:\/\/www.campingvilleylesec.fr\/wp-content\/uploads\/2025\/06\/Photo-equipe-2025-1.jpg\" \/>\n\t<meta property=\"og:image:width\" content=\"768\" \/>\n\t<meta property=\"og:image:height\" content=\"576\" \/>\n\t<meta property=\"og:image:type\" content=\"image\/jpeg\" \/>\n<meta name=\"twitter:card\" content=\"summary_large_image\" \/>\n<meta name=\"twitter:label1\" content=\"Est. reading time\" \/>\n\t<meta name=\"twitter:data1\" content=\"3 minutes\" \/>\n<script type=\"application\/ld+json\" class=\"yoast-schema-graph\">{\"@context\":\"https:\/\/schema.org\",\"@graph\":[{\"@type\":\"WebPage\",\"@id\":\"https:\/\/www.campingvilleylesec.fr\/en\/presentation-of-camping-de-villey-le-sec\/\",\"url\":\"https:\/\/www.campingvilleylesec.fr\/en\/presentation-of-camping-de-villey-le-sec\/\",\"name\":\"Presentation of Camping de Villey-le-Sec - Camping de Villey-le-Sec\",\"isPartOf\":{\"@id\":\"https:\/\/www.campingvilleylesec.fr\/en\/#website\"},\"primaryImageOfPage\":{\"@id\":\"https:\/\/www.campingvilleylesec.fr\/en\/presentation-of-camping-de-villey-le-sec\/#primaryimage\"},\"image\":{\"@id\":\"https:\/\/www.campingvilleylesec.fr\/en\/presentation-of-camping-de-villey-le-sec\/#primaryimage\"},\"thumbnailUrl\":\"https:\/\/www.campingvilleylesec.fr\/wp-content\/uploads\/2025\/06\/Photo-equipe-2025-1.jpg\",\"datePublished\":\"2024-10-29T14:05:18+00:00\",\"dateModified\":\"2025-06-05T15:55:56+00:00\",\"breadcrumb\":{\"@id\":\"https:\/\/www.campingvilleylesec.fr\/en\/presentation-of-camping-de-villey-le-sec\/#breadcrumb\"},\"inLanguage\":\"en-US\",\"potentialAction\":[{\"@type\":\"ReadAction\",\"target\":[\"https:\/\/www.campingvilleylesec.fr\/en\/presentation-of-camping-de-villey-le-sec\/\"]}]},{\"@type\":\"ImageObject\",\"inLanguage\":\"en-US\",\"@id\":\"https:\/\/www.campingvilleylesec.fr\/en\/presentation-of-camping-de-villey-le-sec\/#primaryimage\",\"url\":\"https:\/\/www.campingvilleylesec.fr\/wp-content\/uploads\/2025\/06\/Photo-equipe-2025-1.jpg\",\"contentUrl\":\"https:\/\/www.campingvilleylesec.fr\/wp-content\/uploads\/2025\/06\/Photo-equipe-2025-1.jpg\"},{\"@type\":\"BreadcrumbList\",\"@id\":\"https:\/\/www.campingvilleylesec.fr\/en\/presentation-of-camping-de-villey-le-sec\/#breadcrumb\",\"itemListElement\":[{\"@type\":\"ListItem\",\"position\":1,\"name\":\"Accueil\",\"item\":\"https:\/\/www.campingvilleylesec.fr\/en\/camping-de-villey-le-sec\/\"},{\"@type\":\"ListItem\",\"position\":2,\"name\":\"Presentation of Camping de Villey-le-Sec\"}]},{\"@type\":\"WebSite\",\"@id\":\"https:\/\/www.campingvilleylesec.fr\/en\/#website\",\"url\":\"https:\/\/www.campingvilleylesec.fr\/en\/\",\"name\":\"Camping de Villey-le-Sec\",\"description\":\"\",\"publisher\":{\"@id\":\"https:\/\/www.campingvilleylesec.fr\/en\/#organization\"},\"potentialAction\":[{\"@type\":\"SearchAction\",\"target\":{\"@type\":\"EntryPoint\",\"urlTemplate\":\"https:\/\/www.campingvilleylesec.fr\/en\/?s={search_term_string}\"},\"query-input\":{\"@type\":\"PropertyValueSpecification\",\"valueRequired\":true,\"valueName\":\"search_term_string\"}}],\"inLanguage\":\"en-US\"},{\"@type\":\"Organization\",\"@id\":\"https:\/\/www.campingvilleylesec.fr\/en\/#organization\",\"name\":\"Camping de Villey-le-Sec\",\"url\":\"https:\/\/www.campingvilleylesec.fr\/en\/\",\"logo\":{\"@type\":\"ImageObject\",\"inLanguage\":\"en-US\",\"@id\":\"https:\/\/www.campingvilleylesec.fr\/en\/#\/schema\/logo\/image\/\",\"url\":\"https:\/\/www.campingvilleylesec.fr\/wp-content\/uploads\/2024\/12\/cropped-camping-villey-le-sec-logo-CMJN-1.png\",\"contentUrl\":\"https:\/\/www.campingvilleylesec.fr\/wp-content\/uploads\/2024\/12\/cropped-camping-villey-le-sec-logo-CMJN-1.png\",\"width\":900,\"height\":382,\"caption\":\"Camping de Villey-le-Sec\"},\"image\":{\"@id\":\"https:\/\/www.campingvilleylesec.fr\/en\/#\/schema\/logo\/image\/\"},\"sameAs\":[\"https:\/\/www.facebook.com\/campingVilleyleSec54\",\"https:\/\/www.instagram.com\/campingvilleylesec\/\"]}]}<\/script>\n<!-- \/ Yoast SEO plugin. -->","yoast_head_json":{"title":"Presentation of Camping de Villey-le-Sec - Camping de Villey-le-Sec","robots":{"index":"index","follow":"follow","max-snippet":"max-snippet:-1","max-image-preview":"max-image-preview:large","max-video-preview":"max-video-preview:-1"},"canonical":"https:\/\/www.campingvilleylesec.fr\/en\/presentation-of-camping-de-villey-le-sec\/","og_locale":"en_US","og_type":"article","og_title":"Presentation of Camping de Villey-le-Sec - Camping de Villey-le-Sec","og_description":"An independent, family-run campsite At Camping de Villey-le-Sec, hospitality is above all a family affair and a passion! Local residents, [&hellip;]","og_url":"https:\/\/www.campingvilleylesec.fr\/en\/presentation-of-camping-de-villey-le-sec\/","og_site_name":"Camping de Villey-le-Sec","article_publisher":"https:\/\/www.facebook.com\/campingVilleyleSec54","article_modified_time":"2025-06-05T15:55:56+00:00","og_image":[{"width":768,"height":576,"url":"https:\/\/www.campingvilleylesec.fr\/wp-content\/uploads\/2025\/06\/Photo-equipe-2025-1.jpg","type":"image\/jpeg"}],"twitter_card":"summary_large_image","twitter_misc":{"Est. reading time":"3 minutes"},"schema":{"@context":"https:\/\/schema.org","@graph":[{"@type":"WebPage","@id":"https:\/\/www.campingvilleylesec.fr\/en\/presentation-of-camping-de-villey-le-sec\/","url":"https:\/\/www.campingvilleylesec.fr\/en\/presentation-of-camping-de-villey-le-sec\/","name":"Presentation of Camping de Villey-le-Sec - Camping de Villey-le-Sec","isPartOf":{"@id":"https:\/\/www.campingvilleylesec.fr\/en\/#website"},"primaryImageOfPage":{"@id":"https:\/\/www.campingvilleylesec.fr\/en\/presentation-of-camping-de-villey-le-sec\/#primaryimage"},"image":{"@id":"https:\/\/www.campingvilleylesec.fr\/en\/presentation-of-camping-de-villey-le-sec\/#primaryimage"},"thumbnailUrl":"https:\/\/www.campingvilleylesec.fr\/wp-content\/uploads\/2025\/06\/Photo-equipe-2025-1.jpg","datePublished":"2024-10-29T14:05:18+00:00","dateModified":"2025-06-05T15:55:56+00:00","breadcrumb":{"@id":"https:\/\/www.campingvilleylesec.fr\/en\/presentation-of-camping-de-villey-le-sec\/#breadcrumb"},"inLanguage":"en-US","potentialAction":[{"@type":"ReadAction","target":["https:\/\/www.campingvilleylesec.fr\/en\/presentation-of-camping-de-villey-le-sec\/"]}]},{"@type":"ImageObject","inLanguage":"en-US","@id":"https:\/\/www.campingvilleylesec.fr\/en\/presentation-of-camping-de-villey-le-sec\/#primaryimage","url":"https:\/\/www.campingvilleylesec.fr\/wp-content\/uploads\/2025\/06\/Photo-equipe-2025-1.jpg","contentUrl":"https:\/\/www.campingvilleylesec.fr\/wp-content\/uploads\/2025\/06\/Photo-equipe-2025-1.jpg"},{"@type":"BreadcrumbList","@id":"https:\/\/www.campingvilleylesec.fr\/en\/presentation-of-camping-de-villey-le-sec\/#breadcrumb","itemListElement":[{"@type":"ListItem","position":1,"name":"Accueil","item":"https:\/\/www.campingvilleylesec.fr\/en\/camping-de-villey-le-sec\/"},{"@type":"ListItem","position":2,"name":"Presentation of Camping de Villey-le-Sec"}]},{"@type":"WebSite","@id":"https:\/\/www.campingvilleylesec.fr\/en\/#website","url":"https:\/\/www.campingvilleylesec.fr\/en\/","name":"Camping de Villey-le-Sec","description":"","publisher":{"@id":"https:\/\/www.campingvilleylesec.fr\/en\/#organization"},"potentialAction":[{"@type":"SearchAction","target":{"@type":"EntryPoint","urlTemplate":"https:\/\/www.campingvilleylesec.fr\/en\/?s={search_term_string}"},"query-input":{"@type":"PropertyValueSpecification","valueRequired":true,"valueName":"search_term_string"}}],"inLanguage":"en-US"},{"@type":"Organization","@id":"https:\/\/www.campingvilleylesec.fr\/en\/#organization","name":"Camping de Villey-le-Sec","url":"https:\/\/www.campingvilleylesec.fr\/en\/","logo":{"@type":"ImageObject","inLanguage":"en-US","@id":"https:\/\/www.campingvilleylesec.fr\/en\/#\/schema\/logo\/image\/","url":"https:\/\/www.campingvilleylesec.fr\/wp-content\/uploads\/2024\/12\/cropped-camping-villey-le-sec-logo-CMJN-1.png","contentUrl":"https:\/\/www.campingvilleylesec.fr\/wp-content\/uploads\/2024\/12\/cropped-camping-villey-le-sec-logo-CMJN-1.png","width":900,"height":382,"caption":"Camping de Villey-le-Sec"},"image":{"@id":"https:\/\/www.campingvilleylesec.fr\/en\/#\/schema\/logo\/image\/"},"sameAs":["https:\/\/www.facebook.com\/campingVilleyleSec54","https:\/\/www.instagram.com\/campingvilleylesec\/"]}]}},"_links":{"self":[{"href":"https:\/\/www.campingvilleylesec.fr\/en\/wp-json\/wp\/v2\/pages\/5546","targetHints":{"allow":["GET"]}}],"collection":[{"href":"https:\/\/www.campingvilleylesec.fr\/en\/wp-json\/wp\/v2\/pages"}],"about":[{"href":"https:\/\/www.campingvilleylesec.fr\/en\/wp-json\/wp\/v2\/types\/page"}],"author":[{"embeddable":true,"href":"https:\/\/www.campingvilleylesec.fr\/en\/wp-json\/wp\/v2\/users\/1"}],"replies":[{"embeddable":true,"href":"https:\/\/www.campingvilleylesec.fr\/en\/wp-json\/wp\/v2\/comments?post=5546"}],"version-history":[{"count":0,"href":"https:\/\/www.campingvilleylesec.fr\/en\/wp-json\/wp\/v2\/pages\/5546\/revisions"}],"wp:attachment":[{"href":"https:\/\/www.campingvilleylesec.fr\/en\/wp-json\/wp\/v2\/media?parent=5546"}],"curies":[{"name":"wp","href":"https:\/\/api.w.org\/{rel}","templated":true}]}}